{"id":647,"date":"2018-10-28T16:52:32","date_gmt":"2018-10-28T16:52:32","guid":{"rendered":"http:\/\/newhis.bucharest.university\/?page_id=647"},"modified":"2024-10-04T07:57:14","modified_gmt":"2024-10-04T07:57:14","slug":"conf-univ-dr-ioan-carol-opris","status":"publish","type":"page","link":"https:\/\/istorie.unibuc.ro\/facultate\/departamente\/istorie-antica-arheologie-si-istoria-artei\/conf-univ-dr-ioan-carol-opris\/","title":{"rendered":"Prof. univ. dr. Ioan Carol Opris"},"content":{"rendered":"<div class=\"wp-block-image\">\n<figure class=\"alignright size-large is-resized\"><img data-recalc-dims=\"1\" loading=\"lazy\" decoding=\"async\" width=\"742\" height=\"1024\" data-attachment-id=\"125\" data-permalink=\"https:\/\/istorie.unibuc.ro\/facultate\/facultate\/conducere\/img_4809\/\" data-orig-file=\"https:\/\/i0.wp.com\/istorie.unibuc.ro\/wp-content\/uploads\/2018\/10\/IMG_4809.jpg?fit=4000%2C5523&amp;ssl=1\" data-orig-size=\"4000,5523\" data-comments-opened=\"0\" data-image-meta=\"{&quot;aperture&quot;:&quot;5&quot;,&quot;credit&quot;:&quot;Christian NASULEA&quot;,&quot;camera&quot;:&quot;Canon EOS 760D&quot;,&quot;caption&quot;:&quot;&quot;,&quot;created_timestamp&quot;:&quot;1454688166&quot;,&quot;copyright&quot;:&quot;Whims Media&quot;,&quot;focal_length&quot;:&quot;54&quot;,&quot;iso&quot;:&quot;1600&quot;,&quot;shutter_speed&quot;:&quot;0.004&quot;,&quot;title&quot;:&quot;&quot;,&quot;orientation&quot;:&quot;0&quot;}\" data-image-title=\"IMG_4809\" data-image-description=\"\" data-image-caption=\"\" data-large-file=\"https:\/\/i0.wp.com\/istorie.unibuc.ro\/wp-content\/uploads\/2018\/10\/IMG_4809.jpg?fit=742%2C1024&amp;ssl=1\" src=\"https:\/\/i0.wp.com\/istorie.unibuc.ro\/wp-content\/uploads\/2018\/10\/IMG_4809.jpg?resize=742%2C1024&#038;ssl=1\" alt=\"\" class=\"wp-image-125\" style=\"width:268px;height:auto\" srcset=\"https:\/\/i0.wp.com\/istorie.unibuc.ro\/wp-content\/uploads\/2018\/10\/IMG_4809.jpg?resize=742%2C1024&amp;ssl=1 742w, https:\/\/i0.wp.com\/istorie.unibuc.ro\/wp-content\/uploads\/2018\/10\/IMG_4809.jpg?resize=217%2C300&amp;ssl=1 217w, https:\/\/i0.wp.com\/istorie.unibuc.ro\/wp-content\/uploads\/2018\/10\/IMG_4809.jpg?resize=768%2C1060&amp;ssl=1 768w, https:\/\/i0.wp.com\/istorie.unibuc.ro\/wp-content\/uploads\/2018\/10\/IMG_4809.jpg?w=1542&amp;ssl=1 1542w, https:\/\/i0.wp.com\/istorie.unibuc.ro\/wp-content\/uploads\/2018\/10\/IMG_4809.jpg?w=2313&amp;ssl=1 2313w\" sizes=\"auto, (max-width: 742px) 100vw, 742px\" \/><\/figure>\n<\/div>\n\n\n<p class=\"wp-block-paragraph\"><\/p>\n\n\n\n<p class=\"wp-block-paragraph\">Email: <a href=\"mailto:ioancarol.opris@istorie.unibuc.ro\">ioancarol.opris@istorie.unibuc.ro<\/a>, <a href=\"mailto:ioan_opris@yahoo.com\">ioan_opris@yahoo.com<\/a>, <a href=\"mailto:ioanopris@gmail.com\">ioanopris@gmail.com<\/a><br><\/p>\n\n\n\n<h2 class=\"wp-block-heading\">Studii<\/h2>\n\n\n\n<p class=\"wp-block-paragraph\">Asistent (1999); lector (2002); conferen\u021biar (2004); profesor (2024).&nbsp;<br>Prodecan (2012 \u2013 2020).<br>Doctorat \u00een Istorie (Institutul Rom\u00e2n de Tracologie\/ Ministerul Educa\u021biei Na\u021bionale, 2000).<br>Licen\u021b\u0103 \u00een Istorie (Universitatea din Bucure\u0219ti, 1992).<br>Coordonator \u0219tiin\u021bific al \u0219antierului arheologic Capidava, jud. Constan\u021ba (2004 \u2013)<br>Membru \u00een Comisia Na\u021bional\u0103 de Arheologie (2008-2016, 2018-2022); vicepre\u0219edinte (2013-2016, 2020); pre\u0219edinte (2018 \u20132020).<br>Membru \u00een Comisia Na\u021bional\u0103 a Monumentelor Istorice (2013-2018).<br>Membru \u00een Comisia Na\u021bional\u0103 LIMES (2014 \u2013).<br><\/p>\n\n\n\n<h3 class=\"wp-block-heading\">Domenii de interes: <\/h3>\n\n\n\n<p class=\"wp-block-paragraph\">Istorie, art\u0103 \u0219i arheologie clasic\u0103 greco-roman\u0103 \u015fi bizantin\u0103 timpurie; <\/p>\n\n\n\n<p class=\"wp-block-paragraph\">Limesul Dun\u0103rii de Jos (sec. I-VII p.Chr.); <\/p>\n\n\n\n<p class=\"wp-block-paragraph\">Paleocre\u015ftinism; <\/p>\n\n\n\n<p class=\"wp-block-paragraph\">Epigrafie latin\u0103; <\/p>\n\n\n\n<p class=\"wp-block-paragraph\">Ceramologie; <\/p>\n\n\n\n<p class=\"wp-block-paragraph\">Economie a lumii romane; <\/p>\n\n\n\n<p class=\"wp-block-paragraph\">Managementul siturilor arheologice<\/p>\n\n\n\n<h3 class=\"wp-block-heading\">Cursuri sus\u021binute la facultate:<br><\/h3>\n\n\n\n<p class=\"wp-block-paragraph\">Istoria antic\u0103 a Rom\u00e2niei \u2013 modul Romani, romanici \u0219i barbari (c. + s., Istorie IF an I\/ sem. II) <\/p>\n\n\n\n<p class=\"wp-block-paragraph\">Istoria antic\u0103 a Rom\u00e2niei \u2013 modul Etnogeneza rom\u00e2neasc\u0103 (c. + s., Istorie IF an I\/ sem. II) <\/p>\n\n\n\n<p class=\"wp-block-paragraph\">Arheologia paleocre\u0219tinismului (c. op\u021bional, Istorie IF an II\/ sem. II) <\/p>\n\n\n\n<p class=\"wp-block-paragraph\">Art\u0103 cre\u0219tin\u0103 timpurie (c. op\u021bional Istoria Artei licen\u021b\u0103 an III \/ sem. I) <\/p>\n\n\n\n<p class=\"wp-block-paragraph\">Dobrogea roman\u0103 (c. + s., master I) <\/p>\n\n\n\n<p class=\"wp-block-paragraph\">Managementul siturilor arheologice (c. + s., master I\/ sem. II) <\/p>\n\n\n\n<p class=\"wp-block-paragraph\">Protejarea \u0219i valorificarea patrimoniului mondial UNESCO (c. + s., master II)<\/p>\n\n\n\n<p class=\"wp-block-paragraph\"><\/p>\n\n\n\n<h3 class=\"wp-block-heading\"><strong>List\u0103 selectiv\u0103 de publica\u021bii:<\/strong><br><\/h3>\n\n\n\n<h2 class=\"wp-block-heading\">MONOGRAFII<\/h2>\n\n\n\n<p class=\"wp-block-paragraph\"> Ioan I.C. OPRI\u0218, Ceramica roman\u0103 t\u00e2rzie \u015fi paleobizantin\u0103 de la Capidava \u00een contextul descoperirilor de la Dun\u0103rea de Jos (sec. IV-VI p.Chr.), Editura Enciclopedic\u0103, Bucure\u015fti, 2003, ISBN: 973-45-0460-6 <\/p>\n\n\n\n<p class=\"wp-block-paragraph\">Ioan Carol OPRI\u0218, Alexandru RA\u021aIU, CAPIDAVA II. Building C1 \u2013 Contributions to the history of annona militaris in the 6th century (with contributions by: Andrei G\u00e2ndil\u0103, Tomasz Wa\u017cny, Peter I. Kuniholm, Charlotte L. Pearson, Adriana Rizzo and Choi Mak), Editura Mega, Cluj-Napoca, 2017, ISBN: 978\u2013606\u2013543\u2013912\u20132. <\/p>\n\n\n\n<h2 class=\"wp-block-heading\">VOLUME EDITATE <\/h2>\n\n\n\n<p class=\"wp-block-paragraph\">STUDIA DANUBIANA, I, The Roman Danubian Frontier between the 4th-6th centuries (The Second International Limes Symposium, Halmyris, August 1996), Romanian Institute of Thracology, Bucharest, 1998, eds. dr. Mihail ZAHARIADE &#8211; Ioan I.C. OPRI\u0218. <\/p>\n\n\n\n<p class=\"wp-block-paragraph\">NEAR AND BEYOND THE ROMAN FRONTIERS, Proceedings of a Colloquium held in T\u00e2rgovi\u0219te (16-17 October 2008), The Center for Roman Military Studies 5 = Supplementum Cercet\u0103ri Arheologice XVI, National Museum of Romanian History, Bucharest, Conphys, 2009, 381 p. &#8211; volume printed in the framework of the STRATEG Project \u2013 PNCDI II, P4, 91-010\/ 2007, financed by the National Authority for Scientific Research (ANCS), eds. Ovidiu \u021aENTEA, Ioan C. OPRI\u0218. <\/p>\n\n\n\n<p class=\"wp-block-paragraph\">THE ART OF POWER. THE POWER OF ART. Artists, Propaganda and Politics from Late Antiquity to the Contemporary Age, edited by Emanuela CONSTANTINI, Luca LA ROVERE, Ioan Carol OPRI\u0218, Papers of the Romanian Academy in Rome, Editura Institutului Cultural Rom\u00e2n\/ Editura Universit\u0103\u021bii din Bucure\u0219ti \u2013 Bucharest University Press, Bucure\u0219ti, 2021, ISBN 978-606-16-1271-0 <\/p>\n\n\n\n<h2 class=\"wp-block-heading\">ARTICOLE <\/h2>\n\n\n\n<p class=\"wp-block-paragraph\">Ioan C. OPRI\u015e, Fortificarea frontierei dobrogene a Moesiei Inferioare \u00een preajma r\u0103zboaielor daco-romane, \u00een volumul DACIA AVGVSTI PROVINCIA. Crearea provinciei, Actele simpozionului desf\u0103\u015furat \u00een 13-14 octombrie 2006 la Muzeul Na\u0163ional de Istorie a Rom\u00e2niei, Bucure\u015fti, 2006, p. 237-248. <\/p>\n\n\n\n<p class=\"wp-block-paragraph\">Irina Adriana ACHIM, Ioan Carol OPRI\u0218, Loca sancta Scythiae: l\u2019\u00e9glise pal\u00e9ochr\u00e9tienne de Capidava, un monument d\u00e9laiss\u00e9, \u00een Antiquitas istro-pontica. M\u00e9langes d\u2019arch\u00e9ologie et d\u2019histoire ancienne offerts \u00e0 Alexandru Suceveanu, Cluj-Napoca, Ed. Mega, 2010, p. 523-537 (5 pl.). <\/p>\n\n\n\n<p class=\"wp-block-paragraph\">Ioan C. OPRI\u015e, Al. RA\u021aIU, An Early Byzantine Building next to the Main Gate at Capidava, \u00een Moesica et Christiana. Studies in honour of Prof. Al. Barnea, Adriana Panaite, Romeo Cirjan, Carol C\u0103pi\u021b\u0103, (eds.), Muzeul Br\u0103ilei Carol I, Editura Istros, Br\u0103ila, 2016, p. 193-217 (15 pl.). <\/p>\n\n\n\n<p class=\"wp-block-paragraph\">Ioan C. OPRI\u015e, Al. RA\u021aIU, An Early Byzantine Amphorae Deposit from Capidava, JAHA = Journal of Ancient History and Archaeology, Institute of Archaeology and Art History of Romanian Academy in Cluj Napoca \u2013 Technical University of Cluj-Napoca, No. 3.1\/ 2016, p. 24-42 (19 fig.). (DOI: 0.14795\/j.v3i1.155; ISSN 2360 \u2013 266X; ISSN\u2013L 2360 \u2013 266X). <\/p>\n\n\n\n<p class=\"wp-block-paragraph\">Ioan Carol OPRI\u0218, Alexandru RA\u021aIU, Roman customs station from Capidava. Statio for publicum portorii Illyrici in the 2nd century AD and a hypothetical model for interactions with Barbaricum in the 4th century AD, in Vitalie B\u00c2RC\u0102 (ed.), Orbis Romanus and Barbaricum. The Barbarians around the Province of Dacia and their Relations with the Roman Empire = Series Patrimonium Archaeologicum Transylvanicum (eds. Sorin COCI\u0218, Adrian URSU\u021aIU), Volume 14, Mega Publishing House, Cluj Napoca, 2016, p. 89-109. <\/p>\n\n\n\n<p class=\"wp-block-paragraph\">Ioan Carol OPRI\u0218, Al. RA\u021aIU, Capidava \u2013 The Late Fortlet (end of the 6th \u2013 beginning of the 7th c. AD). Chronological Issues, Limes XXIII. Proceedings of the 23rd International Congress of Roman Frontier Studies Ingolstadt 2015\/ Akten des 23. Internationalen Limeskongresses in Ingolstadt 2015, Beitr\u00e4ge zum Welterbe Limes Sonderband 4\/II, Bayerisches Landesamt f\u00fcr Denkmalpflege \u2013 Deutsche Limeskommission, N\u00fcnnerich-Asmus Verlag, Mainz, 2018, p. 763-771. <\/p>\n\n\n\n<p class=\"wp-block-paragraph\">Ioan C. OPRI\u0218, Trajan et ses d\u00e9dicaces dans la M\u00e9sie Inf\u00e9rieure. Activit\u00e9 constructive civile et militaire selon le dossier \u00e9pigraphique, \u00een DIVUS TRAIANUS. Travaux du Colloque International de Drobeta \u2013 Turnu Severin, 16-17 juin 2017, Recueillis et publi\u00e9s par Constantin C. Petolescu, Martin Galinier et Florian Matei-Popescu, Muzeul Regiunii Por\u021bilor de Fier Drobeta \u2013 Turnu Severin, Asocia\u021bia Identitate Cultural\u0103 Contemporan\u0103, Editura Academiei Rom\u00e2ne, Bucarest 2018, p. 147-161. <\/p>\n\n\n\n<p class=\"wp-block-paragraph\">Ioan Carol OPRI\u0218, Al. RA\u021aIU, Hostes ante portas! Cercet\u0103ri arheologice recente asupra turnurilor por\u021bii principale de la Capidava\/ Hostes ante portas! Recent archaeological research on the towers of the main gate from Capidava, Cercet\u0103ri arheologice, XXVII, 2019, p. 125-155. <\/p>\n\n\n\n<p class=\"wp-block-paragraph\">Ioan Carol OPRI\u015e, Rediscovering Roman Cius (G\u00e2rliciu, Constan\u021ba County, Romania). From emperor Valens to Grigore Tocilescu, Theodor Mommsen and beyond, JAHA = Journal of Ancient History and Archaeology, Institute of Archaeology and Art History of Romanian Academy in Cluj Napoca \u2013 Technical University of Cluj-Napoca, No. 7.1\/ 2020, p. 5-18 (12 fig.) (DOI: 10.14795\/j.v7i1.514). <\/p>\n\n\n\n<p class=\"wp-block-paragraph\">Ioan Carol OPRI\u0218, Constantinople Hayes 8 &#8211; a rare Judeo-Christian lamp type in the province of Scythia. Several considerations derived from its iconography and distribution, JAHA = Journal of Ancient History and Archaeology, Institute of Archaeology and Art History of Romanian Academy in Cluj Napoca \u2013 Technical University of Cluj-Napoca, No. 7.2\/ 2020, p. 166-177. (DOI: 10.14795\/j.v7i2.540) <\/p>\n\n\n\n<p class=\"wp-block-paragraph\">Ioan Carol OPRI\u0218, An anonymous statio of Classis Flavia Moesica and later Flaviana. All we know for now about Roman Rasova (Constan\u021ba County, Romania), JAHA = Journal of Ancient History and Archaeology, Institute of Archaeology and Art History of Romanian Academy in Cluj Napoca \u2013 Technical University of Cluj-Napoca, No. 8.2\/ 2021, p. 47-64. DOI: 10.14795\/j.v8i2.652<\/p>\n\n\n\n<p class=\"wp-block-paragraph\">Ioan Carol OPRI\u0218, Milestones from Capidava and territorium Capidavense. Possibly also, on emperor Aurelian\u2019s war against the Carpi, inter Carsium et Sucidavam, JAHA = Journal of Ancient History and Archaeology, Institute of Archaeology and Art History of Romanian Academy in Cluj Napoca \u2013 Technical University of Cluj-Napoca, No. 8.4\/ 2021, p. 62-88. DOI: 10.14795\/j.v8i4.694 <\/p>\n\n\n\n<p class=\"wp-block-paragraph\">Ioan Carol OPRI\u0218, Adding to John W. Hayes`s Late Roman Pottery. Late Roman Light-Colored Wares with champlev\u00e9 decoration from Histria revisited, Cercet\u0103ri Arheologice 29.1, 2022, 287-316. <\/p>\n\n\n\n<p class=\"wp-block-paragraph\">Ioan Carol OPRI\u0218, Alexandru Dan IONESCU, Adrian Constantin SURLEANU, Andrei Eugen ST\u0102NI\u0218TEANU, Mihai DRAGOMIR, C\u0103t\u0103lin George SIMION, Alexandru Ioan CERCEL, Vicen\u021biu SPERIATU, C\u0103t\u0103lin DOBRINESCU, Adrian \u0218ERB\u0102NESCU, Vlad C\u0102LINA, Pons per Danuvium ductus. Date noi despre podul lui Constantin cel Mare dintre Oescus \u0219i Sucidava, Cercet\u0103ri Arheologice, 29.2, 2022, p. 631-664. <\/p>\n\n\n\n<p class=\"wp-block-paragraph\">Ioan Carol OPRI\u0218, A glass exagium solidi with monogram of the eparch Akakios from Capidava. With a review of similar finds in the Balkans and on the Lower Danube, Archaeologia Bulgarica \u0425\u0425VII, 2 (2023), p. 71-91. <\/p>\n\n\n\n<p class=\"wp-block-paragraph\">Al. RA\u021aIU, Ioan C. OPRI\u0218, Samian Ware in Early Roman Contexts at Capidava, Cercet\u0103ri Arheologice, XXX\/2, MNIR, Bucure\u0219ti, 2023, p. 651-668. Ioan C. OPRI\u0218, Axiopolis. Stadiul actual al cunoa\u0219terii, Cercet\u0103ri Arheologice, XXXI\/1, MNIR, Bucure\u0219ti, 2024, p. 143-177.<\/p>\n\n\n\n<p class=\"wp-block-paragraph\"><\/p>\n\n\n\n<div class=\"wp-block-file\"><a id=\"wp-block-file--media-b0aa67e7-fda1-4972-a46b-c38d8caa4ed8\" href=\"https:\/\/istorie.unibuc.ro\/wp-content\/uploads\/2024\/10\/EuroCV_ICOpris_sept2024.pdf\">EuroCV_ICOpris_sept2024<\/a><a href=\"https:\/\/istorie.unibuc.ro\/wp-content\/uploads\/2024\/10\/EuroCV_ICOpris_sept2024.pdf\" class=\"wp-block-file__button wp-element-button\" download aria-describedby=\"wp-block-file--media-b0aa67e7-fda1-4972-a46b-c38d8caa4ed8\">Descarc\u0103<\/a><\/div>\n\n\n\n<p class=\"wp-block-paragraph\"><\/p>\n\n\n\n<p class=\"wp-block-paragraph\"><\/p>\n","protected":false},"excerpt":{"rendered":"<p>Email: ioancarol.opris@istorie.unibuc.ro, ioan_opris@yahoo.com, ioanopris@gmail.com Studii Asistent (1999); lector (2002); conferen\u021biar (2004); profesor (2024).&nbsp;Prodecan (2012 \u2013 2020).Doctorat \u00een Istorie (Institutul Rom\u00e2n de Tracologie\/ Ministerul Educa\u021biei Na\u021bionale, 2000).Licen\u021b\u0103 \u00een Istorie (Universitatea din Bucure\u0219ti, 1992).Coordonator \u0219tiin\u021bific al \u0219antierului arheologic Capidava, jud. Constan\u021ba (2004 \u2013)Membru \u00een Comisia Na\u021bional\u0103 de Arheologie (2008-2016, 2018-2022); vicepre\u0219edinte (2013-2016, 2020); pre\u0219edinte (2018 \u20132020).Membru \u00een [&hellip;]<\/p>\n","protected":false},"author":2,"featured_media":0,"parent":173,"menu_order":0,"comment_status":"closed","ping_status":"closed","template":"","meta":{"_crdt_document":"","jetpack_post_was_ever_published":false,"footnotes":""},"class_list":["post-647","page","type-page","status-publish","hentry"],"jetpack_sharing_enabled":true,"jetpack_shortlink":"https:\/\/wp.me\/PaobZd-ar","jetpack-related-posts":[],"_links":{"self":[{"href":"https:\/\/istorie.unibuc.ro\/facultate\/wp-json\/wp\/v2\/pages\/647","targetHints":{"allow":["GET"]}}],"collection":[{"href":"https:\/\/istorie.unibuc.ro\/facultate\/wp-json\/wp\/v2\/pages"}],"about":[{"href":"https:\/\/istorie.unibuc.ro\/facultate\/wp-json\/wp\/v2\/types\/page"}],"author":[{"embeddable":true,"href":"https:\/\/istorie.unibuc.ro\/facultate\/wp-json\/wp\/v2\/users\/2"}],"replies":[{"embeddable":true,"href":"https:\/\/istorie.unibuc.ro\/facultate\/wp-json\/wp\/v2\/comments?post=647"}],"version-history":[{"count":8,"href":"https:\/\/istorie.unibuc.ro\/facultate\/wp-json\/wp\/v2\/pages\/647\/revisions"}],"predecessor-version":[{"id":16640,"href":"https:\/\/istorie.unibuc.ro\/facultate\/wp-json\/wp\/v2\/pages\/647\/revisions\/16640"}],"up":[{"embeddable":true,"href":"https:\/\/istorie.unibuc.ro\/facultate\/wp-json\/wp\/v2\/pages\/173"}],"wp:attachment":[{"href":"https:\/\/istorie.unibuc.ro\/facultate\/wp-json\/wp\/v2\/media?parent=647"}],"curies":[{"name":"wp","href":"https:\/\/api.w.org\/{rel}","templated":true}]}}