{"id":635,"date":"2018-10-28T16:45:55","date_gmt":"2018-10-28T16:45:55","guid":{"rendered":"http:\/\/newhis.bucharest.university\/?page_id=635"},"modified":"2020-08-19T18:39:10","modified_gmt":"2020-08-19T18:39:10","slug":"lect-univ-dr-andrei-florin-sora","status":"publish","type":"page","link":"https:\/\/istorie.unibuc.ro\/facultate\/departamente\/istoria-romanilor-si-a-sud-estului-european\/lect-univ-dr-andrei-florin-sora\/","title":{"rendered":"Conf. univ. dr. Andrei Florin Sora"},"content":{"rendered":"\n<div class=\"wp-block-image\"><figure class=\"alignright is-resized\"><img data-recalc-dims=\"1\" loading=\"lazy\" decoding=\"async\" data-attachment-id=\"636\" data-permalink=\"https:\/\/istorie.unibuc.ro\/facultate\/departamente\/istoria-romanilor-si-a-sud-estului-european\/lect-univ-dr-andrei-florin-sora\/andrei_sora\/\" data-orig-file=\"https:\/\/i0.wp.com\/istorie.unibuc.ro\/wp-content\/uploads\/2018\/10\/Andrei_Sora.jpg?fit=564%2C720&amp;ssl=1\" data-orig-size=\"564,720\" data-comments-opened=\"0\" data-image-meta=\"{&quot;aperture&quot;:&quot;0&quot;,&quot;credit&quot;:&quot;&quot;,&quot;camera&quot;:&quot;&quot;,&quot;caption&quot;:&quot;&quot;,&quot;created_timestamp&quot;:&quot;0&quot;,&quot;copyright&quot;:&quot;&quot;,&quot;focal_length&quot;:&quot;0&quot;,&quot;iso&quot;:&quot;0&quot;,&quot;shutter_speed&quot;:&quot;0&quot;,&quot;title&quot;:&quot;&quot;,&quot;orientation&quot;:&quot;0&quot;}\" data-image-title=\"Andrei_Sora\" data-image-description=\"\" data-image-caption=\"\" data-large-file=\"https:\/\/i0.wp.com\/istorie.unibuc.ro\/wp-content\/uploads\/2018\/10\/Andrei_Sora.jpg?fit=564%2C720&amp;ssl=1\" src=\"https:\/\/i0.wp.com\/newhis.bucharest.university\/wp-content\/uploads\/2018\/10\/Andrei_Sora.jpg?resize=172%2C220\" alt=\"\" class=\"wp-image-636\" width=\"172\" height=\"220\" srcset=\"https:\/\/i0.wp.com\/istorie.unibuc.ro\/wp-content\/uploads\/2018\/10\/Andrei_Sora.jpg?w=564&amp;ssl=1 564w, https:\/\/i0.wp.com\/istorie.unibuc.ro\/wp-content\/uploads\/2018\/10\/Andrei_Sora.jpg?resize=235%2C300&amp;ssl=1 235w\" sizes=\"auto, (max-width: 172px) 100vw, 172px\" \/><\/figure><\/div>\n\n\n\n<p class=\"wp-block-paragraph\"><strong>E-mail<\/strong>:&nbsp;<a href=\"chrome-extension:\/\/gbkeegbaiigmenfmjfclcdgdpimamgkj\/views\/qowt.html#mailto:florinandrei.sora@istorie.unibuc.ro\">florinandrei.sora@istorie.unibuc.ro<\/a><\/p>\n\n\n\n<p class=\"wp-block-paragraph\"><strong>Studii<\/strong><\/p>\n\n\n\n<p class=\"wp-block-paragraph\">Doctorat \u00een&nbsp;Istorie&nbsp;(<em>Histoire et c<\/em><em>ivilisations<\/em>), \u00een cotutel\u0103,&nbsp;la&nbsp;\u00c9cole des Hautes \u00c9tudes en Sciences Sociales (EHESS),&nbsp;Paris \u015fi Universitatea din Bucure\u015fti&nbsp;(2004-2009);&nbsp;<strong>Titlul tezei<\/strong>:&nbsp;<em>Servir l\u2019\u00c9tat&nbsp;<\/em><em>r<\/em><em>oumain. Le corps pr\u00e9fectoral (1866-1940)<\/em>, sus\u0163inut\u0103 la&nbsp;EHESS, Paris,&nbsp;cu men\u021biunea&nbsp;\u201etr\u00e8s honorable avec f\u00e9licitations du jury\u201d;<\/p>\n\n\n\n<p class=\"wp-block-paragraph\">Studii universitare de master&nbsp;&#8211;&nbsp;Dipl\u00f4me d\u2019\u00e9tudes approfondies&nbsp;(D.E.A.),&nbsp;EHESS, Paris&nbsp;(2003-2004);<\/p>\n\n\n\n<p class=\"wp-block-paragraph\">An preg\u0103titor&nbsp;master,&nbsp;\u00c9cole Doctorale en Sciences Sociales &#8211; Europe Centrale, Agence Universitaire de la Francophonie, Bucure\u015fti(2002-2003);<\/p>\n\n\n\n<p class=\"wp-block-paragraph\">Studii universitare&nbsp;de licen\u0163\u0103, specializarea&nbsp;Istorie, Universitatea din Bucure\u015fti, Facultatea de Istorie&nbsp;(1998-2002).<br><br><\/p>\n\n\n\n<p class=\"wp-block-paragraph\"><strong>Domenii de interes<\/strong><\/p>\n\n\n\n<ul class=\"wp-block-list\"><li>elite politice, administrative \u015fi militare \u00een secolele XIX-XX<\/li><li>administra\u0163ie public\u0103 \u015fi istoria administra\u0163iei publice<\/li><li>\u00eenv\u0103\u0163\u0103m\u00e2nt superior<\/li><li>istorie social\u0103<\/li><li>istorie economic\u0103<\/li><\/ul>\n\n\n\n<p class=\"wp-block-paragraph\"><strong>Cursuri&nbsp;<\/strong><strong>\u0219i seminare&nbsp;<\/strong><strong>sus<\/strong><strong>\u0163inute la Facultatea de Istorie<\/strong><\/p>\n\n\n\n<p class=\"wp-block-paragraph\"><em>Modernizarea societ\u0103\u0163ii rom\u00e2ne\u015fti, 1866-1918<\/em>,&nbsp;curs \u0219i seminar,&nbsp;nivel licen\u021b\u0103,&nbsp;anul II, semestrul II;<\/p>\n\n\n\n<p class=\"wp-block-paragraph\"><em>Corpul ofi\u0163eresc rom\u00e2n&nbsp;<\/em><em>\u00ee<\/em><em>n a doua jum\u0103tate a secolului al XIX-lea<\/em>,&nbsp;\u00een cadrul programului de&nbsp;master&nbsp;<em>Istorie \u015fi politic\u0103 militar\u0103 \u00een Rom\u00e2nia secolelor XIX-XX<\/em>,&nbsp;curs \u0219i seminar,&nbsp;anul I, semestrul I;<\/p>\n\n\n\n<p class=\"wp-block-paragraph\"><em>Stat \u015fi modernizare administrativ\u0103. Agen\u0163i, structuri, modele, limite, 1789-1939<\/em>, \u00een cadrul programului de master&nbsp;<em>Experimente ale Modernit\u0103\u0163ii<\/em>,&nbsp;curs \u0219i seminar,&nbsp;anul I, semestrul II;<\/p>\n\n\n\n<p class=\"wp-block-paragraph\"><em>Administra\u0163ia \u015fi institu\u0163iile statului \u00een Rom\u00e2nia comunist\u0103<\/em>, \u00een cadrul programului de&nbsp;master&nbsp;<em>Istoria Comunismului<\/em>,&nbsp;curs \u0219i seminar,&nbsp;anul II, semestrul I;<\/p>\n\n\n\n<p class=\"wp-block-paragraph\">Atelier licen\u021b\u0103,&nbsp;anul&nbsp;III, semestrul II.<\/p>\n\n\n\n<p class=\"wp-block-paragraph\"><strong>Lista selectiv\u0103 de publica\u021bii<\/strong><\/p>\n\n\n\n<p class=\"wp-block-paragraph\"><strong>C\u0103r\u0163i<\/strong><\/p>\n\n\n\n<p class=\"wp-block-paragraph\"><em>Servir l\u2019\u00c9tat roumain. Le corps pr\u00e9fectoral, 1866-1940<\/em>, Bucure\u015fti, Editura Universit\u0103\u0163ii din Bucure\u015fti, 2011, 436 p.<\/p>\n\n\n\n<p class=\"wp-block-paragraph\"><strong>Edi\u0163ii de documente<\/strong><\/p>\n\n\n\n<p class=\"wp-block-paragraph\"><em>Construind Rom\u00e2nia modern\u0103: \u015ecoala Superioar\u0103 de \u015etiin\u0163e de Stat (1871-1948). Documente<\/em>, Cluj-Napoca, Editura \u015ecoala Ardelean\u0103&amp;Eikon, 2016, 309 p.<\/p>\n\n\n\n<p class=\"wp-block-paragraph\"><em>Curtea de Conturi a Rom\u00e2niei, 1864-2014. Culegere de documente<\/em>, \u00een colaborare cu Bogdan Murgescu, Mirela-Lumini\u0163a Murgescu \u015fi Ion Bucur, volum coordonat de Nicolae<\/p>\n\n\n\n<p class=\"wp-block-paragraph\">V\u0103c\u0103roiu, Verginia Vedina\u0219, Corina-Mihaela B\u0103l\u021b\u0103tescu, edi\u021bia a II-a rev\u0103zut\u0103 \u0219i ad\u0103ugit\u0103, Bucure\u015fti, 2014, 672 p.<\/p>\n\n\n\n<p class=\"wp-block-paragraph\"><strong>Studii<\/strong><strong>&nbsp;\u00een reviste de specialitate<\/strong><strong>\/capitole \u00een volume colective<\/strong><\/p>\n\n\n\n<p class=\"wp-block-paragraph\"><em>A challenging endeavour? Romanian administration in the territory occupied by the Central Powers (November 1916 \u2013 April 1917)<\/em>, \u00een Claudiu-Lucian Topor, Alexander Rubel&nbsp;(coord.),&nbsp;\u201e\u02bbThe Unknown War\u02bc from Eastern Europe: Romania between Allies and Enemies (1916-1918)\u201d, Hartung-Gorre Verlag Konstanz&nbsp;&amp; \u02bbAl.I. Cuza\u02bc University Press, 2016, p. 191-205.<\/p>\n\n\n\n<p class=\"wp-block-paragraph\"><em>Un statut problematic: \u015ecoala Superioar\u0103 de \u015etiin\u0163e de Stat din Bucure\u015fti \u00een perioada interbelic\u0103<\/em>,&nbsp;\u00een&nbsp;Irina Nastas\u0103-Matei, Zolt\u00e1n Rost\u00e1s (coord.),&nbsp;\u201eAlma mater \u00een deriv\u0103. Aspecte alternative ale vie\u0163ii universitare interbelice\u201d, Cluj-Napoca, Editura \u015ecoala Ardelean\u0103&amp;Eikon, 2016, p. 107-136.<\/p>\n\n\n\n<p class=\"wp-block-paragraph\"><em>The History of Penal Law in Romania: Codification, Models and Normative Transfer (Mid-Eighteenth Century \u2013 1916)<\/em>, \u00een Michael Stolleis, Gerd Bender, Jani Kirov (coord.), \u201eKonflikt und Koexistenz. Die Rechtsordnungen S\u00fcdosteuropas im 19. und 20. Jahrhundert\u201d, Bd. 1: \u201eRum\u00e4nien, Bulgarien, Griechenland\u201d, Studien zur europ\u00e4ischen Rechtsgeschichte 292,&nbsp;Frankfurt am Main,&nbsp;Verlag Vittorio Klostermann,&nbsp;2015, p. 575-632.<\/p>\n\n\n\n<p class=\"wp-block-paragraph\"><em>Universitatea din Bucure\u0219ti \u00een perioada 1944-1948<\/em>, \u00een Ovidiu Bozgan, Bogdan Murgescu (coord.),<em>&nbsp;Universitatea din Bucure\u0219ti, 1864-2014<\/em>, Bucure\u015fti, Editura Universit\u0103\u021bii&nbsp;din Bucure\u0219ti, 2014, p. 250-272.<\/p>\n\n\n\n<p class=\"wp-block-paragraph\"><em>A difficult modernization: the prefect institution in Greater Romania, 1918-1940<\/em>, \u00een \u201eAnalele Universit\u0103\u0163ii din Bucure\u015fti &#8211; Istorie\u201d, nr. 1\/2014,&nbsp;p. 45-63.<\/p>\n\n\n\n<p class=\"wp-block-paragraph\"><em>V<\/em><em>ia\u0163a politic\u0103 local\u0103 \u00een comunism \u015fi actorii ei: prim-secretarii Comitetelor jude\u021bene ale P.C.R., 1968-1989<\/em>, \u00een&nbsp;\u201eArhivele Totalitarismului\u201d, nr. 3-4\/2013, p. 115-129.<\/p>\n\n\n\n<p class=\"wp-block-paragraph\"><em>Dosarele de cadre ale nomenclaturii comuniste: prim-secretarii Comitetelor regionale\/jude\u021bene ale P.M.R.\/P.C.R.<\/em><em>&nbsp;(1950-1989)<\/em>, \u00een&nbsp;\u201eAnuarul Institutului de Istorie&nbsp;&#8216;George Bari\u0163iu&#8217; din Cluj-Napoca\u201d,Series Historica, an LII, 2013, p. 61-79.<\/p>\n\n\n\n<p class=\"wp-block-paragraph\"><em>Politizare \u015fi politehnizare \u00een Rom\u00e2nia comunist\u0103. Repere legislative privind \u00eenv\u0103\u0163\u0103m\u00e2ntul superior (1948-1989)<\/em>,&nbsp;\u00een ,,Arhivele Olteniei\u201d, serie nou\u0103, nr. 27, 2013, p. 155-168.<\/p>\n\n\n\n<p class=\"wp-block-paragraph\"><em>La politisation de la fonction de pr\u00e9fet dans la Roumanie moderne (1866-1916)<\/em>, \u00een Silvia Marton, Constan\u0163a Vintil\u0103-Ghi\u0163ulescu (coord.), \u201ePenser le XIXe&nbsp;si\u00e8cle: nouveaux chantiers de recherche\u201d, Ia\u015fi, Editura Universit\u0103\u0163ii \u201eAlexandru Ioan Cuza\u201d, 2013, p. 203-222.<\/p>\n\n\n\n<p class=\"wp-block-paragraph\"><em>Comunizarea administra\u0163iei rom\u00e2ne\u015fti: sfaturile populare (1949-1950)<\/em>, \u00een \u201eRevista istoric\u0103\u201d, tom XXIII, nr. 3-4\/2012, p. 393-410.<\/p>\n\n\n\n<p class=\"wp-block-paragraph\"><em>Organizarea administrativ-teritorial\u0103 a Republicii Populare Rom\u00e2ne: \u00eenfiin\u021barea raioanelor \u0219i regiunilor<\/em>, \u00een \u201eAnuarul Institutului de Istorie &#8216;A.D. Xenopol&#8217;\u201d,&nbsp;an XLIX, 2012, p. 169-187.<\/p>\n\n\n\n<p class=\"wp-block-paragraph\"><em>La s<\/em><em>\u00e9lection scolaire des membres du corps pr\u00e9fectoral roumain, 1918-1940<\/em>, \u00een&nbsp;\u201eAnuarul Institutului de Istorie&nbsp;&#8216;George Bari\u0163iu&#8217; din Cluj-Napoca\u201d,&nbsp;Series Historica, an LI, 2012, p. 287-303.<\/p>\n\n\n\n<p class=\"wp-block-paragraph\"><em>Les fonctionnaires publics roumains appartenant aux minorit\u00e9s ethniques dans la Grande Roumanie<\/em>, \u00een Silvia Marton, Anca Oroveanu, Florin \u0162urcanu (coord.),&nbsp;\u201eL\u2019\u00c9tat en France et en Roumanie aux XIXe&nbsp;et XXe&nbsp;si\u00e8cles\u201d, Bucure\u015fti, New Europe College, 2011, p. 167-195.<\/p>\n\n\n\n<p class=\"wp-block-paragraph\"><em>Notarul comunal \u00een Rom\u00e2nia: cadrul normativ al unei institu\u0163ii moderne (1864-1940)<\/em>, \u00eempreun\u0103 cu Dietmar M\u00fcller, \u00een \u201eArhivele Olteniei\u201d, serie nou\u0103, nr. 25, 2011, p. 369-385.<\/p>\n\n\n\n<p class=\"wp-block-paragraph\"><em>\u00catre fonctionnaire &#8216;minoritaire&#8217; en Roumanie. Id\u00e9ologie de la Nation et pratiques<\/em><\/p>\n\n\n\n<p class=\"wp-block-paragraph\"><em>d\u2019\u00c9tat (1918-1940)<\/em>, \u00een \u201eNew Europe College \u015etefan Odobleja Program Yearbook 2009-2010\u201d&nbsp;(editor Irina Vainovski-Mihai), p. 207-231.<\/p>\n\n\n\n<p class=\"wp-block-paragraph\"><em>L\u2019Histoire \u00e0 l\u2019Exposition\/L\u2019histoire dans l\u2019exposition.&nbsp;<\/em><em>L\u2019Exposition nationale roumaine de 1906<\/em>, \u00een Adrian Ciofl\u00e2nc\u0103, Andi Mihalache (coord.), \u201eIN MEDIAS RES. Studii de istoria culturii\u201d,&nbsp;Ia\u015fi, Editura Universit\u0103\u0163ii \u201eAlexandru Ioan Cuza\u201d, 2007, p. 491-503.<\/p>\n\n\n\n<p class=\"wp-block-paragraph\"><em>L\u2019institution pr\u00e9fectorale roumaine (XIX<\/em><em>e<\/em><em>&#8211;<\/em><em>1916): un mod\u00e8le fran\u00e7ais?<\/em>, \u00een Florin \u0162urcanu (coord.),&nbsp;\u201eMod\u00e8le fran\u00e7ais et exp\u00e9riences de la modernisation. Roumanie, 19e-20e&nbsp;si\u00e8cles \/ Modelul francez \u015fi experien\u0163ele moderniz\u0103rii. Rom\u00e2nia, secolele 19-20\u201d, Bucure\u015fti, Institutul Cultural Rom\u00e2n, 2006, p. 220-243.<\/p>\n\n\n\n<p class=\"wp-block-paragraph\"><em>Les fonctionnaires publics en Roumanie. Les sous-pr\u00e9fets (1866-1916),&nbsp;<\/em>\u00een \u201eRevue des \u00c9tudes Sud-Est Europ\u00e9ennes\u201d, tom XLIV, 2006, p. 233-249.<\/p>\n\n\n\n<p class=\"wp-block-paragraph\"><em>Imagini \u00een imagini. Expozi\u0163ia Na\u0163ional\u0103 Rom\u00e2n\u0103 (1906) \u00een c\u0103r\u0163ile po\u015ftale ilustrate<\/em>,&nbsp;\u00een Mirela-Lumini\u0163a Murgescu \u015fi Simion C\u00e2l\u0163ia (coord.), \u201eExerci\u0163ii \u00eentru cunoa\u015ftere. Societate \u015fi mentalit\u0103\u0163i \u00een noi abord\u0103ri istoriografice\u201d, Bucure\u015fti, Editura Dominor, 2003, p. 132-146.<br><\/p>\n\n\n\n<p class=\"wp-block-paragraph\"><\/p>\n","protected":false},"excerpt":{"rendered":"<p>E-mail:&nbsp;florinandrei.sora@istorie.unibuc.ro Studii Doctorat \u00een&nbsp;Istorie&nbsp;(Histoire et civilisations), \u00een cotutel\u0103,&nbsp;la&nbsp;\u00c9cole des Hautes \u00c9tudes en Sciences Sociales (EHESS),&nbsp;Paris \u015fi Universitatea din Bucure\u015fti&nbsp;(2004-2009);&nbsp;Titlul tezei:&nbsp;Servir l\u2019\u00c9tat&nbsp;roumain. Le corps pr\u00e9fectoral (1866-1940), sus\u0163inut\u0103 la&nbsp;EHESS, Paris,&nbsp;cu men\u021biunea&nbsp;\u201etr\u00e8s honorable avec f\u00e9licitations du jury\u201d; Studii universitare de master&nbsp;&#8211;&nbsp;Dipl\u00f4me d\u2019\u00e9tudes approfondies&nbsp;(D.E.A.),&nbsp;EHESS, Paris&nbsp;(2003-2004); An preg\u0103titor&nbsp;master,&nbsp;\u00c9cole Doctorale en Sciences Sociales &#8211; Europe Centrale, Agence Universitaire de la Francophonie, [&hellip;]<\/p>\n","protected":false},"author":2,"featured_media":0,"parent":171,"menu_order":0,"comment_status":"closed","ping_status":"closed","template":"","meta":{"_crdt_document":"","jetpack_post_was_ever_published":false,"footnotes":""},"class_list":["post-635","page","type-page","status-publish","hentry"],"jetpack_sharing_enabled":true,"jetpack_shortlink":"https:\/\/wp.me\/PaobZd-af","jetpack-related-posts":[],"_links":{"self":[{"href":"https:\/\/istorie.unibuc.ro\/facultate\/wp-json\/wp\/v2\/pages\/635","targetHints":{"allow":["GET"]}}],"collection":[{"href":"https:\/\/istorie.unibuc.ro\/facultate\/wp-json\/wp\/v2\/pages"}],"about":[{"href":"https:\/\/istorie.unibuc.ro\/facultate\/wp-json\/wp\/v2\/types\/page"}],"author":[{"embeddable":true,"href":"https:\/\/istorie.unibuc.ro\/facultate\/wp-json\/wp\/v2\/users\/2"}],"replies":[{"embeddable":true,"href":"https:\/\/istorie.unibuc.ro\/facultate\/wp-json\/wp\/v2\/comments?post=635"}],"version-history":[{"count":2,"href":"https:\/\/istorie.unibuc.ro\/facultate\/wp-json\/wp\/v2\/pages\/635\/revisions"}],"predecessor-version":[{"id":4452,"href":"https:\/\/istorie.unibuc.ro\/facultate\/wp-json\/wp\/v2\/pages\/635\/revisions\/4452"}],"up":[{"embeddable":true,"href":"https:\/\/istorie.unibuc.ro\/facultate\/wp-json\/wp\/v2\/pages\/171"}],"wp:attachment":[{"href":"https:\/\/istorie.unibuc.ro\/facultate\/wp-json\/wp\/v2\/media?parent=635"}],"curies":[{"name":"wp","href":"https:\/\/api.w.org\/{rel}","templated":true}]}}