{"id":440,"date":"2018-10-28T13:36:33","date_gmt":"2018-10-28T13:36:33","guid":{"rendered":"http:\/\/newhis.bucharest.university\/?page_id=440"},"modified":"2018-10-28T13:36:35","modified_gmt":"2018-10-28T13:36:35","slug":"centrul-de-istoria-imaginarului","status":"publish","type":"page","link":"https:\/\/istorie.unibuc.ro\/facultate\/cercetare\/centre-de-cercetare\/centrul-de-istoria-imaginarului\/","title":{"rendered":"Centrul de Istoria Imaginarului"},"content":{"rendered":"\n<p class=\"wp-block-paragraph\">Fondat \u00een 1993, centrul \u00ee\u015fi propune cercetarea, sub multiple aspecte, a imaginarului \u015fi \u00eendeosebi a mitologiilor istorice \u015fi politice, a raporturilor identitate-alteritate. Particip\u0103 cadre universitare, cercet\u0103tori, doctoranzi, studen\u0163i. Activitatea sa se coreleaz\u0103 cu profilul de studii aprofundate de istorie a ideilor \u015fi a mentalit\u0103\u0163ilor.<br><\/p>\n\n\n\n<p class=\"wp-block-paragraph\">Centrul a organizat mai multe colocvii (\u00een medie, unul pe an), privitoare la miturile comunismului rom\u00e2nesc, mitologii istorice, orient\u0103ri noi \u00een istorie. Cel mai recent- \u00een colaborare cu Colegiul Noua Europ\u0103-colocviul interdisciplinar Insula. Despre izolare \u015fi limite \u00een spa\u0163iul imaginar, volumul cuprinz\u00e2nd actele colocviului. De asemenea, au ap\u0103rut p\u00e2n\u0103 acum mai multe volume (Mituri istorice rom\u00e2ne\u015fti, Miturile comunismului rom\u00e2nesc), precum \u015fi numere speciale ale Analelor Universit\u0103\u0163ii din Bucure\u015fti, sec\u0163ia istorie.<\/p>\n\n\n\n<p class=\"wp-block-paragraph\">Centrul \u00eentre\u0163ine raporturi str\u00e2nse cu centrele similare din str\u0103in\u0103tate, \u00eendeosebi din Fran\u0163a (\u201cCentres de recherche sur l\u2019imaginaire\u201d, \u00een primul r\u00e2nd, cu cele ale universit\u0103\u0163ilor din Grenoble, Montpellier \u015fi Dijon; colaborarea cu centrul din Grenoble este institu\u0163ionalizat\u0103, \u00een cadrul acordului dintre universit\u0103\u0163ile din Grenoble \u015fi Bucure\u015fti).<\/p>\n\n\n\n<p class=\"wp-block-paragraph\">Directii tematice:<\/p>\n\n\n\n<ol class=\"wp-block-list\"><li>Istoria ideilor \u015fi mentalit\u0103\u0163ilor<\/li><li>Mitologii istorice \u015fi politice<\/li><li>Problematica identit\u0103\u0163ii \u015fi alterit\u0103\u0163ii<\/li><\/ol>\n","protected":false},"excerpt":{"rendered":"<p>Fondat \u00een 1993, centrul \u00ee\u015fi propune cercetarea, sub multiple aspecte, a imaginarului \u015fi \u00eendeosebi a mitologiilor istorice \u015fi politice, a raporturilor identitate-alteritate. Particip\u0103 cadre universitare, cercet\u0103tori, doctoranzi, studen\u0163i. Activitatea sa se coreleaz\u0103 cu profilul de studii aprofundate de istorie a ideilor \u015fi a mentalit\u0103\u0163ilor. Centrul a organizat mai multe colocvii (\u00een medie, unul pe an), [&hellip;]<\/p>\n","protected":false},"author":2,"featured_media":0,"parent":433,"menu_order":0,"comment_status":"closed","ping_status":"closed","template":"","meta":{"_crdt_document":"","jetpack_post_was_ever_published":false,"footnotes":""},"class_list":["post-440","page","type-page","status-publish","hentry"],"jetpack_sharing_enabled":true,"jetpack_shortlink":"https:\/\/wp.me\/PaobZd-76","jetpack-related-posts":[],"_links":{"self":[{"href":"https:\/\/istorie.unibuc.ro\/facultate\/wp-json\/wp\/v2\/pages\/440","targetHints":{"allow":["GET"]}}],"collection":[{"href":"https:\/\/istorie.unibuc.ro\/facultate\/wp-json\/wp\/v2\/pages"}],"about":[{"href":"https:\/\/istorie.unibuc.ro\/facultate\/wp-json\/wp\/v2\/types\/page"}],"author":[{"embeddable":true,"href":"https:\/\/istorie.unibuc.ro\/facultate\/wp-json\/wp\/v2\/users\/2"}],"replies":[{"embeddable":true,"href":"https:\/\/istorie.unibuc.ro\/facultate\/wp-json\/wp\/v2\/comments?post=440"}],"version-history":[{"count":1,"href":"https:\/\/istorie.unibuc.ro\/facultate\/wp-json\/wp\/v2\/pages\/440\/revisions"}],"predecessor-version":[{"id":441,"href":"https:\/\/istorie.unibuc.ro\/facultate\/wp-json\/wp\/v2\/pages\/440\/revisions\/441"}],"up":[{"embeddable":true,"href":"https:\/\/istorie.unibuc.ro\/facultate\/wp-json\/wp\/v2\/pages\/433"}],"wp:attachment":[{"href":"https:\/\/istorie.unibuc.ro\/facultate\/wp-json\/wp\/v2\/media?parent=440"}],"curies":[{"name":"wp","href":"https:\/\/api.w.org\/{rel}","templated":true}]}}