{"id":2263,"date":"2019-03-29T06:09:46","date_gmt":"2019-03-29T06:09:46","guid":{"rendered":"https:\/\/istorie.unibuc.ro\/?page_id=2263"},"modified":"2026-04-02T15:54:50","modified_gmt":"2026-04-02T15:54:50","slug":"erasmus","status":"publish","type":"page","link":"https:\/\/istorie.unibuc.ro\/facultate\/studenti\/erasmus\/","title":{"rendered":"ERASMUS"},"content":{"rendered":"\n<hr class=\"wp-block-separator has-alpha-channel-opacity\"\/>\n\n\n\n<p class=\"wp-block-paragraph\"><strong>Selec\u021bie mobilit\u0103\u021bi Erasmus+ (non-CIVIS)<\/strong><\/p>\n\n\n\n<p class=\"wp-block-paragraph\"><strong>Rezultate selec\u021bie Erasmus+ (non-CIVIS) pentru anul universitar 2026-2027<\/strong><\/p>\n\n\n\n<div class=\"wp-block-file\"><a id=\"wp-block-file--media-e12b077a-309c-4767-bc07-23b1d02413e4\" href=\"https:\/\/istorie.unibuc.ro\/wp-content\/uploads\/2026\/04\/Rezultate_selectie_Erasmus_Istorie_2026-27.pdf\"><br>Rezultate_selectie_Erasmus_Istorie_2026-27<\/a><a href=\"https:\/\/istorie.unibuc.ro\/wp-content\/uploads\/2026\/04\/Rezultate_selectie_Erasmus_Istorie_2026-27.pdf\" class=\"wp-block-file__button wp-element-button\" download aria-describedby=\"wp-block-file--media-e12b077a-309c-4767-bc07-23b1d02413e4\">Descarc\u0103<\/a><\/div>\n\n\n\n<p class=\"wp-block-paragraph\"><strong>Facultatea de Istorie organizeaz\u0103 selec\u021bie pentru 13 de burse Erasmus pentru anul universitar 2026-2027. Mai multe detalii se g\u0103sesc \u00een documentele de mai jos<\/strong>:<\/p>\n\n\n\n<div class=\"wp-block-file\"><a id=\"wp-block-file--media-60e417c5-766a-4236-a850-546d522025af\" href=\"https:\/\/istorie.unibuc.ro\/wp-content\/uploads\/2026\/03\/1_Anunt-ISTORIE-selectie-mobilitati-Erasmus-2026-27-2.docx\" target=\"_blank\" rel=\"noreferrer noopener\">1_Anunt-ISTORIE-selectie-mobilitati-Erasmus-2026-27<\/a><a href=\"https:\/\/istorie.unibuc.ro\/wp-content\/uploads\/2026\/03\/1_Anunt-ISTORIE-selectie-mobilitati-Erasmus-2026-27-2.docx\" class=\"wp-block-file__button wp-element-button\" download aria-describedby=\"wp-block-file--media-60e417c5-766a-4236-a850-546d522025af\">Descarc\u0103<\/a><\/div>\n\n\n\n<div class=\"wp-block-file\"><a id=\"wp-block-file--media-dba91b7e-89cd-404f-ae41-b0518a2ca7db\" href=\"https:\/\/istorie.unibuc.ro\/wp-content\/uploads\/2026\/03\/2_Anunt-Selectii-mobilitati-de-studii-Erasmus-2026-2027-non-CIVIS-2.pdf\">2_Anunt Selectii mobilitati de studii Erasmus 2026-2027 (non-CIVIS)<\/a><a href=\"https:\/\/istorie.unibuc.ro\/wp-content\/uploads\/2026\/03\/2_Anunt-Selectii-mobilitati-de-studii-Erasmus-2026-2027-non-CIVIS-2.pdf\" class=\"wp-block-file__button wp-element-button\" download aria-describedby=\"wp-block-file--media-dba91b7e-89cd-404f-ae41-b0518a2ca7db\">Descarc\u0103<\/a><\/div>\n\n\n\n<div class=\"wp-block-file\"><a id=\"wp-block-file--media-9520c389-0f84-43f5-9f82-8ec5276e4ba0\" href=\"https:\/\/istorie.unibuc.ro\/wp-content\/uploads\/2026\/03\/3_Nr.-mobilitati-de-studii-Erasmus-alocate-facultatilor-UB-2026-2027-05.03.2026.pdf\" target=\"_blank\" rel=\"noreferrer noopener\">3_Nr. mobilit\u0103\u021bi de studii Erasmus+ alocate facult\u0103\u021bilor UB 2026-2027 (05.03.2026)<\/a><a href=\"https:\/\/istorie.unibuc.ro\/wp-content\/uploads\/2026\/03\/3_Nr.-mobilitati-de-studii-Erasmus-alocate-facultatilor-UB-2026-2027-05.03.2026.pdf\" class=\"wp-block-file__button wp-element-button\" download aria-describedby=\"wp-block-file--media-9520c389-0f84-43f5-9f82-8ec5276e4ba0\">Descarc\u0103<\/a><\/div>\n\n\n\n<hr class=\"wp-block-separator has-alpha-channel-opacity\"\/>\n\n\n\n<h2 class=\"wp-block-heading\"><strong>Selec\u021bie mobilit\u0103\u021bi Erasmus+ CIVIS (2026-2027)<\/strong><\/h2>\n\n\n\n<p class=\"wp-block-paragraph\"><strong>Universitatea din Bucure\u0219ti organizeaz\u0103 selec\u021bie pentru mobilit\u0103\u021bi de studii Erasmus+ CIVIS pentru anul academic 2026-2027.&nbsp;Termen-limit\u0103: 22 martie 2026, ora 20:00.<\/strong><br><strong>Mai multe informa\u021bii se g\u0103sesc aici:&nbsp;<a href=\"https:\/\/unibuc.ro\/international\/programul-erasmus\/studenti-erasmus\/selectie\/\" target=\"_blank\" rel=\"noreferrer noopener\">https:\/\/unibuc.ro\/international\/programul-erasmus\/studenti-erasmus\/selectie\/<\/a>.<\/strong><\/p>\n\n\n\n<hr class=\"wp-block-separator has-alpha-channel-opacity\"\/>\n\n\n\n<h2 class=\"wp-block-heading\"><strong>Rezultate selec\u021bie &#8211; BIP Esperanto<\/strong><\/h2>\n\n\n\n<div class=\"wp-block-file\"><a id=\"wp-block-file--media-a14a0b5c-6755-4b48-b728-4f8a47aa2ac3\" href=\"https:\/\/istorie.unibuc.ro\/wp-content\/uploads\/2025\/12\/Rezultate_selectie_BIP_Esperanto_dec_2025.pdf\" target=\"_blank\" rel=\"noreferrer noopener\">Rezultate_selectie_BIP_Esperanto_dec_2025<\/a><a href=\"https:\/\/istorie.unibuc.ro\/wp-content\/uploads\/2025\/12\/Rezultate_selectie_BIP_Esperanto_dec_2025.pdf\" class=\"wp-block-file__button wp-element-button\" download aria-describedby=\"wp-block-file--media-a14a0b5c-6755-4b48-b728-4f8a47aa2ac3\">Descarc\u0103<\/a><\/div>\n\n\n\n<hr class=\"wp-block-separator has-alpha-channel-opacity\"\/>\n\n\n\n<h2 class=\"wp-block-heading\"><strong>Anun\u021b de selec\u021bie Erasmus pentru studen\u021bi \u2013 BIP Esperanto<\/strong><\/h2>\n\n\n\n<div class=\"wp-block-file\"><a id=\"wp-block-file--media-c43b63ce-1f96-4d3d-829b-596f8c9867d5\" href=\"https:\/\/istorie.unibuc.ro\/wp-content\/uploads\/2025\/12\/Anunt-de-selectie-Erasmus-pentru-studenti-\u2013-BIP-Esperanto.pdf\" target=\"_blank\" rel=\"noreferrer noopener\">Anun\u021b de selec\u021bie Erasmus pentru studen\u021bi \u2013 BIP Esperanto<\/a><a href=\"https:\/\/istorie.unibuc.ro\/wp-content\/uploads\/2025\/12\/Anunt-de-selectie-Erasmus-pentru-studenti-\u2013-BIP-Esperanto.pdf\" class=\"wp-block-file__button wp-element-button\" download aria-describedby=\"wp-block-file--media-c43b63ce-1f96-4d3d-829b-596f8c9867d5\">Descarc\u0103<\/a><\/div>\n\n\n\n<hr class=\"wp-block-separator has-alpha-channel-opacity\"\/>\n\n\n\n<h2 class=\"wp-block-heading\"><strong>Nou\u0103 sesiune de \u00eenscriere la cursuri BIP CIVIS!<\/strong><\/h2>\n\n\n\n<p class=\"wp-block-paragraph\"><strong>Termen-limit\u0103: 30 octombrie 2025. Mai multe informa\u021bii:&nbsp;<a href=\"https:\/\/unibuc.ro\/studentii-ub-invitati-sa-aplice-pana-la-sfarsitul-lunii-octombrie-2025-la-sesiunea-de-toamna-a-bip-urilor-civis\/\" target=\"_blank\" rel=\"noreferrer noopener\">https:\/\/unibuc.ro\/studentii-ub-invitati-sa-aplice-pana-la-sfarsitul-lunii-octombrie-2025-la-sesiunea-de-toamna-a-bip-urilor-civis\/<\/a>.<\/strong><\/p>\n\n\n\n<hr class=\"wp-block-separator has-alpha-channel-opacity\"\/>\n\n\n\n<h2 class=\"wp-block-heading\">Stagii de practic\u0103 ERASMUS+<\/h2>\n\n\n\n<p class=\"wp-block-paragraph\"><strong>S-a&nbsp;lansat selec\u021bia pentru stagii de practic\u0103 Erasmus+ adresate studen\u021bilor, masteranzilor \u0219i doctoranzilor, cu termen de finalizare a stagiului la 30 iulie 2026. Termen-limit\u0103 de depunere a candidaturilor: 8 mai 2026. Mai multe detalii aici:&nbsp;<a href=\"https:\/\/unibuc.ro\/international\/programul-erasmus\/studenti-erasmus-stagii-de-practica\/\" target=\"_blank\" rel=\"noreferrer noopener\">https:\/\/unibuc.ro\/international\/programul-erasmus\/studenti-erasmus-stagii-de-practica\/<\/a>.&nbsp;Succes!<\/strong><\/p>\n\n\n\n<hr class=\"wp-block-separator has-alpha-channel-opacity\"\/>\n\n\n\n<h2 class=\"wp-block-heading\"><strong>Annonce S\u00e9lection Erasmus+ CIVIS Digital Humanities for Renaissance Studies<\/strong><\/h2>\n\n\n\n<div class=\"wp-block-file\"><a id=\"wp-block-file--media-9ddfee46-7ff4-4b75-aaef-26f4c0ba2ae3\" href=\"https:\/\/istorie.unibuc.ro\/wp-content\/uploads\/2025\/10\/Rezultate-dupa-contestatii.docx\" target=\"_blank\" rel=\"noreferrer noopener\">Rezultate dup\u0103 contesta\u021bii<\/a><a href=\"https:\/\/istorie.unibuc.ro\/wp-content\/uploads\/2025\/10\/Rezultate-dupa-contestatii.docx\" class=\"wp-block-file__button wp-element-button\" download aria-describedby=\"wp-block-file--media-9ddfee46-7ff4-4b75-aaef-26f4c0ba2ae3\">Descarc\u0103<\/a><\/div>\n\n\n\n<div class=\"wp-block-file\"><a id=\"wp-block-file--media-e0d90885-5392-4270-91c6-09cf1dcc4d1f\" href=\"https:\/\/istorie.unibuc.ro\/wp-content\/uploads\/2025\/10\/Resultats-selection-Erasmus-Digital-Humanities-for-Renaissance-Studies.docx\">R\u00e9sultats s\u00e9lection Erasmus Digital Humanities for Renaissance Studies<\/a><a href=\"https:\/\/istorie.unibuc.ro\/wp-content\/uploads\/2025\/10\/Resultats-selection-Erasmus-Digital-Humanities-for-Renaissance-Studies.docx\" class=\"wp-block-file__button wp-element-button\" download aria-describedby=\"wp-block-file--media-e0d90885-5392-4270-91c6-09cf1dcc4d1f\">Descarc\u0103<\/a><\/div>\n\n\n\n<p class=\"wp-block-paragraph\">Suite aux demandes re\u00e7ues, le nouveau d\u00e9lai de rigueur pour la s\u00e9lection relanc\u00e9e profs Erasmus CIVIS Digital Humanities for Renaissance Studies (<a href=\"https:\/\/istorie.unibuc.ro\/facultate\/2025\/07\/30\/annonce-selection-erasmus-civis-digital-humanities-for-renaissance-studies\/\" target=\"_blank\" rel=\"noreferrer noopener\">https:\/\/istorie.unibuc.ro\/facultate\/2025\/07\/30\/annonce-selection-erasmus-civis-digital-humanities-for-renaissance-studies\/<\/a>) est le 30 Septembre 2025. Annonce des r\u00e9sultats 1 octobre, 9:00-10.00 am. D\u00e9lai pour d\u00e9poser les contestations 1 octobre, 12:00 am.<\/p>\n\n\n\n<div class=\"wp-block-file\"><a id=\"wp-block-file--media-bf93c8d1-4987-4d5f-ac28-13cbbcede788\" href=\"https:\/\/istorie.unibuc.ro\/wp-content\/uploads\/2025\/07\/Annonce-Selection-Erasmus-Prof-Projet-CIVIS-1.pdf\" target=\"_blank\" rel=\"noreferrer noopener\">Annonce Selection Erasmus Prof Projet CIVIS<\/a><a href=\"https:\/\/istorie.unibuc.ro\/wp-content\/uploads\/2025\/07\/Annonce-Selection-Erasmus-Prof-Projet-CIVIS-1.pdf\" class=\"wp-block-file__button wp-element-button\" download aria-describedby=\"wp-block-file--media-bf93c8d1-4987-4d5f-ac28-13cbbcede788\">Descarc\u0103<\/a><\/div>\n\n\n\n<hr class=\"wp-block-separator has-alpha-channel-opacity\"\/>\n\n\n\n<h2 class=\"wp-block-heading\"><strong>Selec\u021bie mobilit\u0103\u021bi ERASMUS+ CIVIS (2025-2026) &#8211; runda a doua<\/strong><\/h2>\n\n\n\n<p class=\"wp-block-paragraph\"><strong>Universitatea din Bucure\u0219ti organizeaz\u0103 runda a doua a selec\u021biei pentru mobilit\u0103\u021bi de studii Erasmus+ CIVIS pentru anul academic 2025-2026.&nbsp;Termen-limit\u0103: 30 aprilie 2025, ora 14:00.<\/strong><br><strong>Mai multe informa\u021bii se g\u0103sesc aici:&nbsp;<a href=\"https:\/\/unibuc.ro\/international\/programul-erasmus\/studenti-erasmus\/selectie\/\" target=\"_blank\" rel=\"noreferrer noopener\">https:\/\/unibuc.ro\/international\/programul-erasmus\/studenti-erasmus\/selectie\/<\/a>.<\/strong><\/p>\n\n\n\n<p class=\"wp-block-paragraph\"><strong>\u00cen vederea ob\u021binerii&nbsp;<\/strong><strong>documentelor necesare \u00eenscrierii &#8211;&nbsp;<\/strong><strong>situa\u021bie \u0219colar\u0103, plan de lucru aprobat -, v\u0103 rug\u0103m s\u0103 \u021bine\u021bi cont de vacan\u021ba din perioada 18-27 aprilie 2025.&nbsp;&nbsp;<\/strong><\/p>\n\n\n\n<hr class=\"wp-block-separator has-alpha-channel-opacity\"\/>\n\n\n\n<h2 class=\"wp-block-heading\"><strong>Rezultate selec\u021bie Erasmus+ (non-CIVIS) pentru anul universitar 2025-2026<\/strong><\/h2>\n\n\n\n<div class=\"wp-block-file\"><a id=\"wp-block-file--media-d0177b10-d6a8-40d4-9d01-12c57a7b21be\" href=\"https:\/\/istorie.unibuc.ro\/wp-content\/uploads\/2025\/03\/Rezultate_selectie_Erasmus_Istorie_2025-26.pdf\">Rezultate_selectie_Erasmus_Istorie_2025-26<\/a><a href=\"https:\/\/istorie.unibuc.ro\/wp-content\/uploads\/2025\/03\/Rezultate_selectie_Erasmus_Istorie_2025-26.pdf\" class=\"wp-block-file__button wp-element-button\" download aria-describedby=\"wp-block-file--media-d0177b10-d6a8-40d4-9d01-12c57a7b21be\">Descarc\u0103<\/a><\/div>\n\n\n\n<p class=\"wp-block-paragraph\"><strong>Facultatea de Istorie organizeaz\u0103 selec\u021bie pentru 20 de burse Erasmus pentru anul universitar 2025-2026. Mai multe detalii se g\u0103sesc \u00een documentele de mai jos<\/strong>:<\/p>\n\n\n\n<div class=\"wp-block-file\"><a id=\"wp-block-file--media-876b8c23-4059-4a56-9cad-258b3e0f38c5\" href=\"https:\/\/istorie.unibuc.ro\/wp-content\/uploads\/2025\/03\/1_Anunt_ISTORIE_selectie_Erasmus_2025_26.pdf\" target=\"_blank\" rel=\"noreferrer noopener\">1_Anunt_ISTORIE_selectie_Erasmus_2025_26<\/a><a href=\"https:\/\/istorie.unibuc.ro\/wp-content\/uploads\/2025\/03\/1_Anunt_ISTORIE_selectie_Erasmus_2025_26.pdf\" class=\"wp-block-file__button wp-element-button\" download aria-describedby=\"wp-block-file--media-876b8c23-4059-4a56-9cad-258b3e0f38c5\">Descarc\u0103<\/a><\/div>\n\n\n\n<div class=\"wp-block-file\"><a id=\"wp-block-file--media-ac07b809-a7d6-4f6f-a93f-05ab6f1149b2\" href=\"https:\/\/istorie.unibuc.ro\/wp-content\/uploads\/2025\/03\/2-Anunt-Selectii-mobilitati-de-studii-Erasmus-2025-2026-non-CIVIS.pdf\" target=\"_blank\" rel=\"noreferrer noopener\">2 Anunt Selectii mobilitati de studii Erasmus 2025-2026 (non-CIVIS)<\/a><a href=\"https:\/\/istorie.unibuc.ro\/wp-content\/uploads\/2025\/03\/2-Anunt-Selectii-mobilitati-de-studii-Erasmus-2025-2026-non-CIVIS.pdf\" class=\"wp-block-file__button wp-element-button\" download aria-describedby=\"wp-block-file--media-ac07b809-a7d6-4f6f-a93f-05ab6f1149b2\">Descarc\u0103<\/a><\/div>\n\n\n\n<div class=\"wp-block-file\"><a id=\"wp-block-file--media-d694f107-d081-45c4-b617-17edad4ced7c\" href=\"https:\/\/istorie.unibuc.ro\/wp-content\/uploads\/2025\/03\/3-Numar-de-mobilitati-de-studii-Erasmus-alocate-facultatilor-UB-2025-2026.pdf\" target=\"_blank\" rel=\"noreferrer noopener\">3 Num\u0103r de mobilit\u0103\u021bi de studii Erasmus alocate facult\u0103\u021bilor UB 2025-2026<\/a><a href=\"https:\/\/istorie.unibuc.ro\/wp-content\/uploads\/2025\/03\/3-Numar-de-mobilitati-de-studii-Erasmus-alocate-facultatilor-UB-2025-2026.pdf\" class=\"wp-block-file__button wp-element-button\" download aria-describedby=\"wp-block-file--media-d694f107-d081-45c4-b617-17edad4ced7c\">Descarc\u0103<\/a><\/div>\n\n\n\n<hr class=\"wp-block-separator has-alpha-channel-opacity\"\/>\n\n\n\n<h2 class=\"wp-block-heading\">Stagii de practic\u0103 ERASMUS+<\/h2>\n\n\n\n<p class=\"wp-block-paragraph\"><strong>S-a&nbsp;lansat selec\u021bia pentru stagii de practic\u0103 Erasmus+ adresate studen\u021bilor, masteranzilor \u0219i doctoranzilor, cu termen de finalizare a stagiului la 31 iulie 2025. Termen-limit\u0103 de depunere a candidaturilor: 15 mai 2025. Mai multe detalii aici:&nbsp;<a href=\"https:\/\/unibuc.ro\/international\/programul-erasmus\/studenti-erasmus-stagii-de-practica\/\" target=\"_blank\" rel=\"noreferrer noopener\">https:\/\/unibuc.ro\/international\/programul-erasmus\/studenti-erasmus-stagii-de-practica\/<\/a>. Succes!<\/strong><\/p>\n\n\n\n<hr class=\"wp-block-separator has-alpha-channel-opacity\"\/>\n\n\n\n<h2 class=\"wp-block-heading\">Selec\u021bie mobilit\u0103\u021bi ERASMUS + CIVIS (2025-2026)<\/h2>\n\n\n\n<p class=\"wp-block-paragraph\"><strong>Universitatea din Bucure\u0219ti organizeaz\u0103 selec\u021bie pentru mobilit\u0103\u021bi de studii Erasmus+ CIVIS pentru anul academic 2025-2026.&nbsp;Termen-limit\u0103: 19 martie 2025, ora 13:00.<\/strong><br><strong>Mai multe informa\u021bii se g\u0103sesc aici:&nbsp;<a href=\"https:\/\/unibuc.ro\/international\/programul-erasmus\/studenti-erasmus\/selectie\/\" target=\"_blank\" rel=\"noreferrer noopener\">https:\/\/unibuc.ro\/international\/programul-erasmus\/studenti-erasmus\/selectie\/<\/a>.<\/strong><\/p>\n\n\n\n<hr class=\"wp-block-separator has-alpha-channel-opacity\"\/>\n\n\n\n<p class=\"wp-block-paragraph\"><strong><mark style=\"background-color:rgba(0, 0, 0, 0)\" class=\"has-inline-color has-orange-color\">Nou\u0103 sesiune de \u00eenscriere la cursuri BIP CIVIS!<\/mark><br>Termen-limit\u0103: 31 octombrie 2024. Mai multe informa\u021bii:&nbsp;<\/strong><a href=\"https:\/\/unibuc.ro\/aproximativ-jumatate-dintre-bipurile-lansate-toamna-aceasta-de-civis-destinate-pasionatilor-de-stiinte-sociale-si-umaniste-studentii-ub-invitati-sa-aplice-pana-pe-31-octombrie-2024\/?utm_source=newsletter&amp;utm_medium=email&amp;utm_campaign=facultatile_universitatii_din_bucuresti_au_deschis_noul_an_universitar_2024_2025&amp;utm_term=2024-10-01\" target=\"_blank\" rel=\"noreferrer noopener\">https:\/\/unibuc.ro\/aproximativ-jumatate-dintre-bipurile-lansate-toamna-aceasta-de-civis-destinate-pasionatilor-de-stiinte-sociale-si-umaniste-studentii-ub-invitati-sa-aplice-pana-pe-31-octombrie-2024\/?utm_source=newsletter&amp;utm_medium=email&amp;utm_campaign=facultatile_universitatii_din_bucuresti_au_deschis_noul_an_universitar_2024_2025&amp;utm_term=2024-10-01<\/a><\/p>\n\n\n\n<hr class=\"wp-block-separator has-alpha-channel-opacity\"\/>\n\n\n\n<p class=\"wp-block-paragraph\"><strong>Rezultate selec\u021bie Erasmus &#8211; Facultatea de Istorie 2024-2025<\/strong><\/p>\n\n\n\n<div class=\"wp-block-file\"><a id=\"wp-block-file--media-8dd47ae1-7dcb-488a-9750-f5c5b3e5cec1\" href=\"https:\/\/istorie.unibuc.ro\/wp-content\/uploads\/2024\/05\/Rezultate-selectie-ERASMUS-24-25.pdf\">Rezultate-selectie-ERASMUS-24-25<\/a><a href=\"https:\/\/istorie.unibuc.ro\/wp-content\/uploads\/2024\/05\/Rezultate-selectie-ERASMUS-24-25.pdf\" class=\"wp-block-file__button wp-element-button\" download aria-describedby=\"wp-block-file--media-8dd47ae1-7dcb-488a-9750-f5c5b3e5cec1\">Descarc\u0103<\/a><\/div>\n\n\n\n<hr class=\"wp-block-separator has-alpha-channel-opacity\"\/>\n\n\n\n<p class=\"wp-block-paragraph\"><strong>Selec\u021bie Erasmus 2024-2025 &#8211; Facultatea de Istorie<\/strong><\/p>\n\n\n\n<p class=\"wp-block-paragraph\"><strong>Prelungirea termenului de \u00eenscriere pentru stagiile Erasmus 2024-2025 &#8211; Facultatea de Istorie!<\/strong><\/p>\n\n\n\n<p class=\"wp-block-paragraph\"><strong>Termenul de \u00eenscriere la selec\u021bia pentru stagiile Erasmus 2024-2025, derulate prin Facultatea de Istorie, a fost prelungit p\u00e2n\u0103 duminic\u0103, 19 mai 2024 (ora 23.59). Detaliile despre condi\u021biile de \u00eenscriere, documentele necesare \u0219i preciz\u0103rile anterioare r\u0103m\u00e2n valabile \u0219i pot fi consultate aici:&nbsp;<a href=\"https:\/\/istorie.unibuc.ro\/facultate\/studenti\/erasmus\/\" target=\"_blank\" rel=\"noreferrer noopener\">https:\/\/istorie.unibuc.ro\/facultate\/studenti\/erasmus\/<\/a>.<\/strong><\/p>\n\n\n\n<hr class=\"wp-block-separator has-alpha-channel-opacity\"\/>\n\n\n\n<p class=\"wp-block-paragraph\"><strong>Facultatea de Istorie organizeaz\u0103 selec\u021bie pentru 24 de burse Erasmus pentru anul universitar 2024-2025. Mai multe detalii se g\u0103sesc \u00een documentele de mai jos.&nbsp;<\/strong><\/p>\n\n\n\n<div class=\"wp-block-file\"><a id=\"wp-block-file--media-3c7fe0c5-db8f-49bf-9816-5b6d838a7094\" href=\"https:\/\/istorie.unibuc.ro\/wp-content\/uploads\/2024\/04\/1-Anunt-ISTORIE-selectie-mobilitati-ERASMUS-2024-25-1.pdf\">1-Anunt-ISTORIE-selectie-mobilitati-ERASMUS-2024-25-1<\/a><a href=\"https:\/\/istorie.unibuc.ro\/wp-content\/uploads\/2024\/04\/1-Anunt-ISTORIE-selectie-mobilitati-ERASMUS-2024-25-1.pdf\" class=\"wp-block-file__button wp-element-button\" download aria-describedby=\"wp-block-file--media-3c7fe0c5-db8f-49bf-9816-5b6d838a7094\">Descarc\u0103<\/a><\/div>\n\n\n\n<div class=\"wp-block-file\"><a id=\"wp-block-file--media-cee0bc5f-ec65-43a3-aeba-2c7f9d1399fd\" href=\"https:\/\/istorie.unibuc.ro\/wp-content\/uploads\/2024\/04\/2-Anunt-Selectii-mobilitati-de-studii-Erasmus-2024-2025-1.pdf\">2-Anunt-Selectii-mobilitati-de-studii-Erasmus-2024-2025-1<\/a><a href=\"https:\/\/istorie.unibuc.ro\/wp-content\/uploads\/2024\/04\/2-Anunt-Selectii-mobilitati-de-studii-Erasmus-2024-2025-1.pdf\" class=\"wp-block-file__button wp-element-button\" download aria-describedby=\"wp-block-file--media-cee0bc5f-ec65-43a3-aeba-2c7f9d1399fd\">Descarc\u0103<\/a><\/div>\n\n\n\n<div class=\"wp-block-file\"><a id=\"wp-block-file--media-5d258f68-44de-4e04-95b5-60f7df00578a\" href=\"https:\/\/istorie.unibuc.ro\/wp-content\/uploads\/2024\/04\/3-Numar-de-mobilitati-de-studii-Erasmus-alocate-facultatilor-UB-2024-2025-1.pdf\">3-Numar-de-mobilitati-de-studii-Erasmus-alocate-facultatilor-UB-2024-2025-1<\/a><a href=\"https:\/\/istorie.unibuc.ro\/wp-content\/uploads\/2024\/04\/3-Numar-de-mobilitati-de-studii-Erasmus-alocate-facultatilor-UB-2024-2025-1.pdf\" class=\"wp-block-file__button wp-element-button\" download aria-describedby=\"wp-block-file--media-5d258f68-44de-4e04-95b5-60f7df00578a\">Descarc\u0103<\/a><\/div>\n\n\n\n<hr class=\"wp-block-separator has-alpha-channel-opacity\"\/>\n\n\n\n<p class=\"wp-block-paragraph\"><strong>Nou\u0103 sesiune de \u00eenscriere la cursuri BIP CIVIS! Termen-limit\u0103: 28 aprilie 2024. Mai multe informa\u021bii:&nbsp;<a href=\"https:\/\/unibuc.ro\/12-bip-uri-civis-pe-teme-despre-societate-cultura-si-patrimoniu-deschise-pentru-inscriere-studentii-ub-pot-aplica-pana-pe-28-aprilie-2024\/?utm_source=newsletter&amp;utm_medium=email&amp;utm_campaign=universitatea_din_bucuresti_a_semnat_recent_magna_charta_universitatum_mcu&amp;utm_term=2024-04-09\" target=\"_blank\" rel=\"noreferrer noopener\">https:\/\/unibuc.ro\/12-bip-uri-civis-pe-teme-despre-societate-cultura-si-patrimoniu-deschise-pentru-inscriere-studentii-ub-pot-aplica-pana-pe-28-aprilie-2024\/?utm_source=newsletter&amp;utm_medium=email&amp;utm_campaign=universitatea_din_bucuresti_a_semnat_recent_magna_charta_universitatum_mcu&amp;utm_term=2024-04-09<\/a><\/strong><\/p>\n\n\n\n<hr class=\"wp-block-separator has-alpha-channel-opacity\"\/>\n\n\n\n<p class=\"wp-block-paragraph\">Prelungirea termenului pentru mobilit\u0103\u021bile ERASMUS+ CIVIS (2024-2025)<\/p>\n\n\n\n<p class=\"wp-block-paragraph\"><strong>Termenul de \u00eenscriere la selec\u021bia organizat\u0103 de Universitatea din Bucure\u0219ti pentru mobilit\u0103\u021bile de studii Erasmus+ CIVIS pentru anul academic 2024-2025 a fost prelungit p\u00e2n\u0103 la data de 12 aprilie 2024. Mai multe informa\u021bii se g\u0103sesc aici:&nbsp;<a href=\"https:\/\/unibuc.ro\/international\/programul-erasmus\/studenti-erasmus\/selectie\/\" target=\"_blank\" rel=\"noreferrer noopener\">https:\/\/unibuc.ro\/international\/programul-erasmus\/studenti-erasmus\/selectie\/<\/a>.<\/strong><\/p>\n\n\n\n<hr class=\"wp-block-separator has-alpha-channel-opacity\"\/>\n\n\n\n<p class=\"wp-block-paragraph\"><strong>S-a&nbsp;lansat selec\u021bia pentru stagii de practic\u0103 Erasmus+ adresate studen\u021bilor, masteranzilor \u0219i doctoranzilor. Mai multe detalii aici:&nbsp;<a href=\"https:\/\/unibuc.ro\/international\/programul-erasmus\/studenti-erasmus-stagii-de-practica\/\" target=\"_blank\" rel=\"noreferrer noopener\">https:\/\/unibuc.ro\/international\/programul-erasmus\/studenti-erasmus-stagii-de-practica\/<\/a><\/strong><\/p>\n\n\n\n<hr class=\"wp-block-separator has-alpha-channel-opacity\"\/>\n","protected":false},"excerpt":{"rendered":"<p>Selec\u021bie mobilit\u0103\u021bi Erasmus+ (non-CIVIS) Rezultate selec\u021bie Erasmus+ (non-CIVIS) pentru anul universitar 2026-2027 Facultatea de Istorie organizeaz\u0103 selec\u021bie pentru 13 de burse Erasmus pentru anul universitar 2026-2027. Mai multe detalii se g\u0103sesc \u00een documentele de mai jos: Selec\u021bie mobilit\u0103\u021bi Erasmus+ CIVIS (2026-2027) Universitatea din Bucure\u0219ti organizeaz\u0103 selec\u021bie pentru mobilit\u0103\u021bi de studii Erasmus+ CIVIS pentru anul academic [&hellip;]<\/p>\n","protected":false},"author":2,"featured_media":0,"parent":353,"menu_order":0,"comment_status":"closed","ping_status":"closed","template":"","meta":{"_crdt_document":"","jetpack_post_was_ever_published":false,"footnotes":""},"class_list":["post-2263","page","type-page","status-publish","hentry"],"jetpack_sharing_enabled":true,"jetpack_shortlink":"https:\/\/wp.me\/PaobZd-Av","jetpack-related-posts":[],"_links":{"self":[{"href":"https:\/\/istorie.unibuc.ro\/facultate\/wp-json\/wp\/v2\/pages\/2263","targetHints":{"allow":["GET"]}}],"collection":[{"href":"https:\/\/istorie.unibuc.ro\/facultate\/wp-json\/wp\/v2\/pages"}],"about":[{"href":"https:\/\/istorie.unibuc.ro\/facultate\/wp-json\/wp\/v2\/types\/page"}],"author":[{"embeddable":true,"href":"https:\/\/istorie.unibuc.ro\/facultate\/wp-json\/wp\/v2\/users\/2"}],"replies":[{"embeddable":true,"href":"https:\/\/istorie.unibuc.ro\/facultate\/wp-json\/wp\/v2\/comments?post=2263"}],"version-history":[{"count":59,"href":"https:\/\/istorie.unibuc.ro\/facultate\/wp-json\/wp\/v2\/pages\/2263\/revisions"}],"predecessor-version":[{"id":21749,"href":"https:\/\/istorie.unibuc.ro\/facultate\/wp-json\/wp\/v2\/pages\/2263\/revisions\/21749"}],"up":[{"embeddable":true,"href":"https:\/\/istorie.unibuc.ro\/facultate\/wp-json\/wp\/v2\/pages\/353"}],"wp:attachment":[{"href":"https:\/\/istorie.unibuc.ro\/facultate\/wp-json\/wp\/v2\/media?parent=2263"}],"curies":[{"name":"wp","href":"https:\/\/api.w.org\/{rel}","templated":true}]}}