{"id":2058,"date":"2019-02-15T18:44:57","date_gmt":"2019-02-15T18:44:57","guid":{"rendered":"https:\/\/istorie.unibuc.ro\/?page_id=2058"},"modified":"2019-02-15T18:57:38","modified_gmt":"2019-02-15T18:57:38","slug":"prof-univ-dr-ecaterina-lung","status":"publish","type":"page","link":"https:\/\/istorie.unibuc.ro\/facultate\/departamente\/istorie-antica-arheologie-si-istoria-artei\/prof-univ-dr-ecaterina-lung\/","title":{"rendered":"Prof. Univ. Dr. Ecaterina Lung"},"content":{"rendered":"\n<div class=\"wp-block-image\"><figure class=\"alignright is-resized\"><img data-recalc-dims=\"1\" loading=\"lazy\" decoding=\"async\" data-attachment-id=\"2060\" data-permalink=\"https:\/\/istorie.unibuc.ro\/facultate\/departamente\/istorie-antica-arheologie-si-istoria-artei\/prof-univ-dr-ecaterina-lung\/lung-2\/\" data-orig-file=\"https:\/\/i0.wp.com\/istorie.unibuc.ro\/wp-content\/uploads\/2019\/02\/lung-1.jpg?fit=453%2C613&amp;ssl=1\" data-orig-size=\"453,613\" data-comments-opened=\"0\" data-image-meta=\"{&quot;aperture&quot;:&quot;0&quot;,&quot;credit&quot;:&quot;&quot;,&quot;camera&quot;:&quot;&quot;,&quot;caption&quot;:&quot;&quot;,&quot;created_timestamp&quot;:&quot;0&quot;,&quot;copyright&quot;:&quot;&quot;,&quot;focal_length&quot;:&quot;0&quot;,&quot;iso&quot;:&quot;0&quot;,&quot;shutter_speed&quot;:&quot;0&quot;,&quot;title&quot;:&quot;&quot;,&quot;orientation&quot;:&quot;0&quot;}\" data-image-title=\"lung\" data-image-description=\"\" data-image-caption=\"\" data-large-file=\"https:\/\/i0.wp.com\/istorie.unibuc.ro\/wp-content\/uploads\/2019\/02\/lung-1.jpg?fit=453%2C613&amp;ssl=1\" src=\"https:\/\/i0.wp.com\/istorie.unibuc.ro\/wp-content\/uploads\/2019\/02\/lung-1.jpg?resize=169%2C229&#038;ssl=1\" alt=\"\" class=\"wp-image-2060\" width=\"169\" height=\"229\" srcset=\"https:\/\/i0.wp.com\/istorie.unibuc.ro\/wp-content\/uploads\/2019\/02\/lung-1.jpg?w=453&amp;ssl=1 453w, https:\/\/i0.wp.com\/istorie.unibuc.ro\/wp-content\/uploads\/2019\/02\/lung-1.jpg?resize=222%2C300&amp;ssl=1 222w\" sizes=\"auto, (max-width: 169px) 100vw, 169px\" \/><\/figure><\/div>\n\n\n\n<p class=\"wp-block-paragraph\">Director al Centrului de Studii Medievale al Universit\u0103\u021bii din Bucure\u0219ti<\/p>\n\n\n\n<p class=\"wp-block-paragraph\">Membru \u00een comitetul \u0219tiin\u021bific al Societ\u0103\u021bii Interna\u021bionale de Istorie Cultural\u0103 (International Society for Cultural History)<\/p>\n\n\n\n<p class=\"wp-block-paragraph\"><strong>Adresa de mail<\/strong>: <a href=\"mailto:ecaterina.lung@gmail.com\">ecaterina.lung@gmail.com<\/a><\/p>\n\n\n\n<h3 class=\"wp-block-heading\"><strong>Studii<\/strong> <\/h3>\n\n\n\n<p class=\"wp-block-paragraph\">-doctorat \u00een anul 2000, Universitatea\ndin Bucure\u0219ti; <\/p>\n\n\n\n<p class=\"wp-block-paragraph\">-licen\u021ba \u00een anul 1991, Universitatea din Bucure\u0219ti;<\/p>\n\n\n\n<p class=\"wp-block-paragraph\">-Stagii post-doctorale la Bruxelles, Lyon, Paris)<\/p>\n\n\n\n<h3 class=\"wp-block-heading\"><\/h3>\n\n\n\n<p class=\"wp-block-paragraph\">Domenii de interes:\u00a0<br>&#8211; istorie medieval\u0103, istoria cultural\u0103,\u00a0 istoriografia \u00een Antichitatea\u00a0 T\u00e2rzie \u015fi Evul mediu timpuriu, studiile de gen.<\/p>\n\n\n\n<h3 class=\"wp-block-heading\">Cursuri sus\u021binute la facultate<\/h3>\n\n\n\n<p class=\"wp-block-paragraph\">Istorie universala sec. XV-XVII, curs modul Biserica, stat, cultura, anul I, Istorie, Istoria Artei, RISE grupa B<\/p>\n\n\n\n<p class=\"wp-block-paragraph\">Arta medieval\u0103, curs, Istoria Artei, anul I<\/p>\n\n\n\n<p class=\"wp-block-paragraph\">Introducere in artele decorative, curs \u0219i seminar, Istoria Artei, anul II<\/p>\n\n\n\n<p class=\"wp-block-paragraph\">Istorie cultural\u0103, curs optional, Istorie, anul III <\/p>\n\n\n\n<p class=\"wp-block-paragraph\">Mentalit\u0103\u021bi medievale, curs, master I, Studii Medievale<\/p>\n\n\n\n<p class=\"wp-block-paragraph\">Constituirea \u0219i evolu\u021bia imaginii \u00een evul mediu, curs si seminar, master I, IAFC<\/p>\n\n\n\n<p class=\"wp-block-paragraph\">Seminar metodologic pentru preg\u0103tirea dizerta\u021biei,\nseminar, master II, Studii Medievale<\/p>\n\n\n\n<h3 class=\"wp-block-heading\">Lista selectiv\u0103 de publica\u021bii<\/h3>\n\n\n\n<p class=\"wp-block-paragraph\"><em>Spaces, Times, Identities in the Play of Generations<\/em>, (co-editor, co-autor), Special Issue of the Journal <em>Chronica Mundi<\/em>, 2018<em> <\/em><\/p>\n\n\n\n<p class=\"wp-block-paragraph\"><em>Time and Culture<\/em>\/<em>Temps et culture, <\/em>Selected papers presented at the International\nSociety for Cultural History (ISCH) Conference organised in September 2015 at\nthe University of Bucharest, (co-editor, co-autor), Editura Universit\u0103\u021bii din\nBucure\u0219ti, 2017<\/p>\n\n\n\n<p class=\"wp-block-paragraph\"><em>Pagans and Christians in the Late Roman Empire. New Evidence, New Approaches (4th-8th centuries)<\/em>,eds. Marianne S\u00e1ghy, Edward M. Schoolman, (Budapset: Central EuropeanUniversity Press, 2017), (co-autor)<\/p>\n\n\n\n<p class=\"wp-block-paragraph\"><em>Les constructions identitaires dans les espaces francophones d\u2019Europe Orientale et d\u2019Afrique<\/em>, (Rabat&nbsp;:Publications de l\u2019Institut des Etudes Africaines, 2015), (co-editor, co-autor);<\/p>\n\n\n\n<p class=\"wp-block-paragraph\"><em>L&#8217;histoireculturelle : un tournant de l&#8217;historiographie mondiale, <\/em>coord. Philippe Poirrier,<em>?<\/em>(Dijon, Editions universitaires de Dijon, 2008&nbsp;; co-autor), tradus\u0103 \u00een italian\u0103 (2010) \u0219i spaniol\u0103&nbsp; (2012); <\/p>\n\n\n\n<p class=\"wp-block-paragraph\"><em>Istoria cultural\u0103. Orient\u0103ri, evolu\u021bii, tendin\u021be<\/em>, (Bucure\u0219ti: Editura Universit\u0103\u021bii din Bucure\u015fti, 2009)<\/p>\n\n\n\n<p class=\"wp-block-paragraph\"><em>Mentalit\u0103\u0163i \u015fi cultur\u0103 \u00een Evul Mediu<\/em>, (Bucure\u015fti:Funda\u021bia Rom\u00e2nia de M\u00e2ine, 2007)<\/p>\n\n\n\n<p class=\"wp-block-paragraph\"><em>Istoricii \u0219i politica la \u00eenceputurile evului mediu european<\/em>, (Bucure\u0219ti: Editura Universit\u0103\u021bii din Bucure\u015fti, 2001).<\/p>\n\n\n\n<p class=\"wp-block-paragraph\">Peste 40 de articole \u0219icapitole de c\u0103r\u021bi ap\u0103rute \u00een \u021bar\u0103 \u0219i str\u0103in\u0103tate, manuale universitare, capitole in manuale de liceu, culegeri de documente, conferin\u021be sus\u021binute \u00eencadrul unor manifest\u0103ri \u0219tiin\u021bifice na\u021bionale \u0219i interna\u021bionale etc.<\/p>\n\n\n\n<p class=\"wp-block-paragraph\">Pagina web&nbsp;: <a href=\"https:\/\/unibuc.academia.edu\/EcaterinaLung\">https:\/\/unibuc.academia.edu\/EcaterinaLung<\/a><\/p>\n\n\n","protected":false},"excerpt":{"rendered":"<p>Director al Centrului de Studii Medievale al Universit\u0103\u021bii din Bucure\u0219ti Membru \u00een comitetul \u0219tiin\u021bific al Societ\u0103\u021bii Interna\u021bionale de Istorie Cultural\u0103 (International Society for Cultural History) Adresa de mail: ecaterina.lung@gmail.com Studii -doctorat \u00een anul 2000, Universitatea din Bucure\u0219ti; -licen\u021ba \u00een anul 1991, Universitatea din Bucure\u0219ti; -Stagii post-doctorale la Bruxelles, Lyon, Paris) Domenii de interes:\u00a0&#8211; istorie medieval\u0103, [&hellip;]<\/p>\n","protected":false},"author":2,"featured_media":0,"parent":173,"menu_order":0,"comment_status":"closed","ping_status":"closed","template":"","meta":{"_crdt_document":"","jetpack_post_was_ever_published":false,"footnotes":""},"class_list":["post-2058","page","type-page","status-publish","hentry"],"jetpack_sharing_enabled":true,"jetpack_shortlink":"https:\/\/wp.me\/PaobZd-xc","jetpack-related-posts":[],"_links":{"self":[{"href":"https:\/\/istorie.unibuc.ro\/facultate\/wp-json\/wp\/v2\/pages\/2058","targetHints":{"allow":["GET"]}}],"collection":[{"href":"https:\/\/istorie.unibuc.ro\/facultate\/wp-json\/wp\/v2\/pages"}],"about":[{"href":"https:\/\/istorie.unibuc.ro\/facultate\/wp-json\/wp\/v2\/types\/page"}],"author":[{"embeddable":true,"href":"https:\/\/istorie.unibuc.ro\/facultate\/wp-json\/wp\/v2\/users\/2"}],"replies":[{"embeddable":true,"href":"https:\/\/istorie.unibuc.ro\/facultate\/wp-json\/wp\/v2\/comments?post=2058"}],"version-history":[{"count":2,"href":"https:\/\/istorie.unibuc.ro\/facultate\/wp-json\/wp\/v2\/pages\/2058\/revisions"}],"predecessor-version":[{"id":2078,"href":"https:\/\/istorie.unibuc.ro\/facultate\/wp-json\/wp\/v2\/pages\/2058\/revisions\/2078"}],"up":[{"embeddable":true,"href":"https:\/\/istorie.unibuc.ro\/facultate\/wp-json\/wp\/v2\/pages\/173"}],"wp:attachment":[{"href":"https:\/\/istorie.unibuc.ro\/facultate\/wp-json\/wp\/v2\/media?parent=2058"}],"curies":[{"name":"wp","href":"https:\/\/api.w.org\/{rel}","templated":true}]}}