{"id":2052,"date":"2019-02-15T18:37:41","date_gmt":"2019-02-15T18:37:41","guid":{"rendered":"https:\/\/istorie.unibuc.ro\/?page_id=2052"},"modified":"2019-02-15T18:56:55","modified_gmt":"2019-02-15T18:56:55","slug":"lect-univ-dr-marian-coman","status":"publish","type":"page","link":"https:\/\/istorie.unibuc.ro\/facultate\/departamente\/relatii-internationale-si-istorie-universala\/lect-univ-dr-marian-coman\/","title":{"rendered":"Lect. univ. dr. Marian Coman"},"content":{"rendered":"\n<p class=\"wp-block-paragraph\"><a href=\"mailto:marian.coman@istorie.unibuc.ro\">marian.coman@istorie.unibuc.ro<\/a>, <a href=\"https:\/\/unibuc.academia.edu\/MarianComan\">https:\/\/unibuc.academia.edu\/MarianComan<\/a>)<\/p>\n\n\n\n<p class=\"wp-block-paragraph\">Am devenit lector al Facult\u0103\u021bii de Istorie \u00een 2013, dup\u0103 o lung\u0103 ucenicie \u00een calitate de cadru didactic asociat (din 2002). Am absolvit chiar aceast\u0103facultate, \u00een 2001, apoi am urmat un program de master la Central EuropeanUniversity \u0219i am beneficiat de mai multe burse \u0219i stagii de cercetare (e.g. bursier Chevening la Universitatea din Oxford, <em>fellow <\/em>al Colegiului Noua Europa). Doctoratul l-am sus\u021binut la Universitatea din Bucure\u0219ti, sub coordonarea profesorului Andrei Pippidi (2013).<\/p>\n\n\n\n<p class=\"wp-block-paragraph\"><strong>Activitatea didactic\u0103<\/strong><\/p>\n\n\n\n<ul class=\"wp-block-list\"><li>Anul I, semestrul I &#8211; <em>IstorieMedie Universal\u0103<\/em> (I) curs general \u0219i seminarii (sec\u021biile Istorie, Istoria Artei\u0219i Studii Europene)<\/li><li>Anul I, semestrul II \u2013 <em>Istorie Medie Universal\u0103 (II),<\/em> seminarii la modulul profesorului Bogdan Murgescu (sec\u021bia Istorie)<\/li><li>Anul II, semestrul I \u2013 <em>Modernitatea european\u0103 (sec. XVII-XVIII),<\/em> curs \u0219i seminar (sec\u021biaIstoria Artei)<\/li><li>Anul III, semestrul II \u2013 <em>Pretenden\u021bi domne\u0219ti la cur\u021bile europene (sec.XVI-XVII), <\/em>curs special<\/li><li>Master, Studii Medievale, an I, semestrul I \u2013 <em>Diplomatic\u0103 medieval\u0103 <\/em><\/li><\/ul>\n\n\n\n<p class=\"wp-block-paragraph\"><strong>Activitatea de cercetare<\/strong><\/p>\n\n\n\n<p class=\"wp-block-paragraph\">Principalul meu domeniu de cercetare este \u0162ara Rom\u00e2neasc\u0103 medieval\u0103 (sec.XIV-XVI). Teza de doctorat, care a devenit apoi prima mea carte publicat\u0103, a investigat construc\u0163ia teritorial\u0103 a statului medieval muntean. \u00cen ultima vremeam devenit tot mai interesat de analiza diplomatic\u0103 a documentelor decancelarie. Subiectul meu secundar de cercetare este cartografia renascentist\u0103a Europei Otomane. M\u0103 intereseaz\u0103 de asemenea literatura de c\u0103l\u0103torie medieval-t\u00e2rzie \u015fi modern\u0103 timpurie. <\/p>\n","protected":false},"excerpt":{"rendered":"<p>marian.coman@istorie.unibuc.ro, https:\/\/unibuc.academia.edu\/MarianComan) Am devenit lector al Facult\u0103\u021bii de Istorie \u00een 2013, dup\u0103 o lung\u0103 ucenicie \u00een calitate de cadru didactic asociat (din 2002). Am absolvit chiar aceast\u0103facultate, \u00een 2001, apoi am urmat un program de master la Central EuropeanUniversity \u0219i am beneficiat de mai multe burse \u0219i stagii de cercetare (e.g. bursier Chevening la Universitatea [&hellip;]<\/p>\n","protected":false},"author":2,"featured_media":0,"parent":175,"menu_order":0,"comment_status":"closed","ping_status":"closed","template":"","meta":{"_crdt_document":"","jetpack_post_was_ever_published":false,"footnotes":""},"class_list":["post-2052","page","type-page","status-publish","hentry"],"jetpack_sharing_enabled":true,"jetpack_shortlink":"https:\/\/wp.me\/PaobZd-x6","jetpack-related-posts":[],"_links":{"self":[{"href":"https:\/\/istorie.unibuc.ro\/facultate\/wp-json\/wp\/v2\/pages\/2052","targetHints":{"allow":["GET"]}}],"collection":[{"href":"https:\/\/istorie.unibuc.ro\/facultate\/wp-json\/wp\/v2\/pages"}],"about":[{"href":"https:\/\/istorie.unibuc.ro\/facultate\/wp-json\/wp\/v2\/types\/page"}],"author":[{"embeddable":true,"href":"https:\/\/istorie.unibuc.ro\/facultate\/wp-json\/wp\/v2\/users\/2"}],"replies":[{"embeddable":true,"href":"https:\/\/istorie.unibuc.ro\/facultate\/wp-json\/wp\/v2\/comments?post=2052"}],"version-history":[{"count":2,"href":"https:\/\/istorie.unibuc.ro\/facultate\/wp-json\/wp\/v2\/pages\/2052\/revisions"}],"predecessor-version":[{"id":2077,"href":"https:\/\/istorie.unibuc.ro\/facultate\/wp-json\/wp\/v2\/pages\/2052\/revisions\/2077"}],"up":[{"embeddable":true,"href":"https:\/\/istorie.unibuc.ro\/facultate\/wp-json\/wp\/v2\/pages\/175"}],"wp:attachment":[{"href":"https:\/\/istorie.unibuc.ro\/facultate\/wp-json\/wp\/v2\/media?parent=2052"}],"curies":[{"name":"wp","href":"https:\/\/api.w.org\/{rel}","templated":true}]}}