{"id":17798,"date":"2025-02-24T08:29:36","date_gmt":"2025-02-24T08:29:36","guid":{"rendered":"https:\/\/istorie.unibuc.ro\/facultate\/?page_id=17798"},"modified":"2025-02-24T08:33:41","modified_gmt":"2025-02-24T08:33:41","slug":"profesor-univ-dr-emeritus-antal-lukacs","status":"publish","type":"page","link":"https:\/\/istorie.unibuc.ro\/facultate\/departamente\/istorie-antica-arheologie-si-istoria-artei\/profesor-univ-dr-emeritus-antal-lukacs\/","title":{"rendered":"Profesor univ. dr.\u00a0emeritus\u00a0Antal LUKACS"},"content":{"rendered":"\n<h2 class=\"wp-block-heading\"><strong>STUDII<\/strong><\/h2>\n\n\n\n<p class=\"wp-block-paragraph\">1978 &#8211; Licen\u021b\u0103 \u00een istorie, Facultatea de Istorie, Universitatea din Bucure\u015fti<em>.<\/em><\/p>\n\n\n\n<p class=\"wp-block-paragraph\">1999 &#8211; Doctor \u00een istorie, Universitatea din Bucure\u0219ti,&nbsp;&nbsp;cu teza:&nbsp;<em>\u0162ara F\u0103g\u0103ra\u015fului \u00een Evul Mediu<\/em><\/p>\n\n\n\n<p class=\"wp-block-paragraph\">Premii \u015fi distinc\u0163ii:&nbsp;&nbsp;Premiul \u201eDimitrie Onciul\u201d al Academiei Rom\u00e2ne 1999<\/p>\n\n\n\n<h2 class=\"wp-block-heading\"><strong>DOMENII DE INTERES<\/strong><\/h2>\n\n\n\n<p class=\"wp-block-paragraph\">Arheologia Evului mediu<\/p>\n\n\n\n<p class=\"wp-block-paragraph\">Istoria Evului mediu<\/p>\n\n\n\n<p class=\"wp-block-paragraph\">Diplomatic\u0103 medieval\u0103<\/p>\n\n\n\n<p class=\"wp-block-paragraph\">Istoria Europei centrale premoderne<\/p>\n\n\n\n<h2 class=\"wp-block-heading\"><strong>ACTIVITATE \u00ceN CADRUL DEPARTAMENTULUI<\/strong><\/h2>\n\n\n\n<p class=\"wp-block-paragraph\">Coordonarea unor cercet\u0103ri \u0219i publica\u021bii \u00een domeniul medievisticii.&nbsp;&nbsp;<\/p>\n\n\n\n<h2 class=\"wp-block-heading\"><strong>LIST\u0102 SELECTIV\u0102 DE LUCR\u0102RI<\/strong><\/h2>\n\n\n\n<ul class=\"wp-block-list\">\n<li><em>\u0162ara F\u0103g\u0103ra\u015fului \u00een Evul Mediu (sec. XIII-XVI),\u00a0<\/em>Ed. Enciclopedic\u0103, Bucure\u015fti, 1999 (autor)<\/li>\n\n\n\n<li><em>Documente diplomatice rom\u00e2ne, 1883,\u00a0<\/em>seria I, vol. 11, ed. de A. Ciupal\u0103, R. Dinu, A. Lukacs, Ed. Academiei, Bucure\u015fti, 2006, 765 p.<\/li>\n\n\n\n<li><em>Documente diplomatice rom\u00e2ne, 1886,\u00a0<\/em>seria I., vol.13, ed. Alin Ciupal\u0103, Antal Lukacs, Lidia Matu, M.O., 2014, 591 p<\/li>\n\n\n\n<li><em>Documente diplomatice rom\u00e2ne, 1884-1885<\/em>, seria I, vol. 12, ed. A.Ciupal\u0103, D. Rudolf, A. Lukacs, Ed. Conphys, 2010, CCXLIV+932 p<\/li>\n\n\n\n<li><em>Documente f\u0103g\u0103r\u0103\u015fene, I., (1486-1630)<\/em>, Ed. Scriptorium, Bucure\u015fti, 2004, 368 p (autor)<\/li>\n\n\n\n<li><em>Autonomii istorice \u00een spa\u0163iul carpato-dun\u0103rean,\u00a0<\/em>Miercurea Ciuc, 2004 (autor)<\/li>\n\n\n\n<li><em>Marea Neagr\u0103. Istorie \u015fi geopolitic\u0103. Culegere de studii, I.,\u00a0<\/em>I.D.R, Bucure\u015fti, 2006 (coeditor)<\/li>\n<\/ul>\n","protected":false},"excerpt":{"rendered":"<p>STUDII 1978 &#8211; Licen\u021b\u0103 \u00een istorie, Facultatea de Istorie, Universitatea din Bucure\u015fti. 1999 &#8211; Doctor \u00een istorie, Universitatea din Bucure\u0219ti,&nbsp;&nbsp;cu teza:&nbsp;\u0162ara F\u0103g\u0103ra\u015fului \u00een Evul Mediu Premii \u015fi distinc\u0163ii:&nbsp;&nbsp;Premiul \u201eDimitrie Onciul\u201d al Academiei Rom\u00e2ne 1999 DOMENII DE INTERES Arheologia Evului mediu Istoria Evului mediu Diplomatic\u0103 medieval\u0103 Istoria Europei centrale premoderne ACTIVITATE \u00ceN CADRUL DEPARTAMENTULUI Coordonarea unor [&hellip;]<\/p>\n","protected":false},"author":10,"featured_media":0,"parent":173,"menu_order":0,"comment_status":"closed","ping_status":"closed","template":"","meta":{"_crdt_document":"","jetpack_post_was_ever_published":false,"footnotes":""},"class_list":["post-17798","page","type-page","status-publish","hentry"],"jetpack_sharing_enabled":true,"jetpack_shortlink":"https:\/\/wp.me\/PaobZd-4D4","jetpack-related-posts":[],"_links":{"self":[{"href":"https:\/\/istorie.unibuc.ro\/facultate\/wp-json\/wp\/v2\/pages\/17798","targetHints":{"allow":["GET"]}}],"collection":[{"href":"https:\/\/istorie.unibuc.ro\/facultate\/wp-json\/wp\/v2\/pages"}],"about":[{"href":"https:\/\/istorie.unibuc.ro\/facultate\/wp-json\/wp\/v2\/types\/page"}],"author":[{"embeddable":true,"href":"https:\/\/istorie.unibuc.ro\/facultate\/wp-json\/wp\/v2\/users\/10"}],"replies":[{"embeddable":true,"href":"https:\/\/istorie.unibuc.ro\/facultate\/wp-json\/wp\/v2\/comments?post=17798"}],"version-history":[{"count":2,"href":"https:\/\/istorie.unibuc.ro\/facultate\/wp-json\/wp\/v2\/pages\/17798\/revisions"}],"predecessor-version":[{"id":17801,"href":"https:\/\/istorie.unibuc.ro\/facultate\/wp-json\/wp\/v2\/pages\/17798\/revisions\/17801"}],"up":[{"embeddable":true,"href":"https:\/\/istorie.unibuc.ro\/facultate\/wp-json\/wp\/v2\/pages\/173"}],"wp:attachment":[{"href":"https:\/\/istorie.unibuc.ro\/facultate\/wp-json\/wp\/v2\/media?parent=17798"}],"curies":[{"name":"wp","href":"https:\/\/api.w.org\/{rel}","templated":true}]}}