{"id":17587,"date":"2025-02-12T11:20:47","date_gmt":"2025-02-12T11:20:47","guid":{"rendered":"https:\/\/istorie.unibuc.ro\/facultate\/?page_id=17587"},"modified":"2025-02-12T11:29:59","modified_gmt":"2025-02-12T11:29:59","slug":"conf-dr-simion-nicolae-caltia","status":"publish","type":"page","link":"https:\/\/istorie.unibuc.ro\/facultate\/conf-dr-simion-nicolae-caltia\/","title":{"rendered":"Conf. dr. Simion Nicolae C\u00e2l\u021bia"},"content":{"rendered":"\n<p class=\"wp-block-paragraph\">E-mail:&nbsp;<a href=\"mailto:mailto:radu_nedici@yahoo.co.uk\">simioncaltia@hotmail.com<\/a><\/p>\n\n\n\n<h2 class=\"wp-block-heading\"><strong>Studii:<\/strong><\/h2>\n\n\n\n<p class=\"wp-block-paragraph\">Doctor \u00een istorie la \u00c9cole des Hautes \u00c9tudes en Sciences Sociales, Paris, cu teza&nbsp;<em>Villes ou villages dans les pays roumains ? (xvii<sup>e<\/sup>&nbsp;et&nbsp;xviii<sup>e<\/sup>&nbsp;si\u00e8cle). La ruralit\u00e9 au c\u0153ur de la ville<\/em>. (2008)<\/p>\n\n\n\n<p class=\"wp-block-paragraph\">Dipl\u00f4me d\u2019\u00c9tudes Approfondies la \u00c9cole des Hautes \u00c9tudes en Sciences Sociales, Paris. (1997-1998)<\/p>\n\n\n\n<p class=\"wp-block-paragraph\">Master, programul Istoria Sud-Estului Europei, Facultatea de Istorie, Universitatea din Bucure\u015fti. (1996-1997)<\/p>\n\n\n\n<p class=\"wp-block-paragraph\">Licen\u0163\u0103, specializarea istorie, Facultatea de Istorie, Universitatea din Bucure\u015fti. (1991-1996)<\/p>\n\n\n\n<h2 class=\"wp-block-heading\"><strong>Domenii de interes:<\/strong><\/h2>\n\n\n\n<p class=\"wp-block-paragraph\">Istoria urban\u0103 a secolelor 19-20 \u0219i \u00een special istoria alimenta\u021biei \u0219i a sectorului economic urbane.<\/p>\n\n\n\n<p class=\"wp-block-paragraph\">Istoria decora\u021biilor (ordine \u0219i medalii)<\/p>\n\n\n\n<p class=\"wp-block-paragraph\">Istoria militar\u0103 (1789-1945)<\/p>\n\n\n\n<h2 class=\"wp-block-heading\"><strong>Cursuri sus\u021binute la Facultatea de Istorie:<\/strong><\/h2>\n\n\n\n<p class=\"wp-block-paragraph\">Curs Master&nbsp;<em>Ora\u0219ul \u0219i modernitatea<\/em>.<\/p>\n\n\n\n<p class=\"wp-block-paragraph\">Curs Master&nbsp;<em>Dinamica r\u0103zboiului<\/em>.<\/p>\n\n\n\n<p class=\"wp-block-paragraph\">Curs Master&nbsp;<em>Patrimoniul arhitectonic urban<\/em>.&nbsp;<\/p>\n\n\n\n<p class=\"wp-block-paragraph\">Curs Special anul III,&nbsp;<em>R\u0103zboaiele napoleoniene<\/em>.<\/p>\n\n\n\n<p class=\"wp-block-paragraph\">Curs op\u021bional anul III,&nbsp;<em>Istoria decora\u0163iilor europene \u015fi rom\u00e2ne\u0219ti<\/em>.<\/p>\n\n\n\n<p class=\"wp-block-paragraph\">Curs op\u0163ional Anii II-III,&nbsp;<em>Introducere \u00een istoria urban\u0103<\/em>.<\/p>\n\n\n\n<h2 class=\"wp-block-heading\"><strong>List\u01ce selectiv\u01ce de publica\u021bii:<\/strong><\/h2>\n\n\n\n<h2 class=\"wp-block-heading\"><strong>C\u0103r\u021bi<\/strong><\/h2>\n\n\n\n<p class=\"wp-block-paragraph\"><em>A\u015fez\u0103ri urbane sau rurale ? Ora\u015fele din \u0162\u0103rile Rom\u00e2ne de la sf\u00e2r\u015fitul secolului al 17-lea la \u00eenceputul secolului al 19-lea<\/em>, Editura Universit\u0103\u021bii din Bucure\u0219ti, 2011.<\/p>\n\n\n\n<h2 class=\"wp-block-heading\"><strong>Volume Coordonate<\/strong><\/h2>\n\n\n\n<p class=\"wp-block-paragraph\"><em>Lumea ora\u0219ului. Cercet\u0103ri de istorie urban\u0103<\/em>, (coord. Simion C\u00e2l\u021bia), Bucure\u0219ti, Editura Universit\u0103\u021bii din Bucure\u015fti, 2013. (Ed. a 2-a, 2015.)<\/p>\n\n\n\n<p class=\"wp-block-paragraph\"><em>Provoc\u0103rile istoriei militare<\/em>, (coord. Simion C\u00e2l\u021bia, Andrei Florin Sora, Florin \u0218perlea), Editura Militar\u0103, Bucure\u0219ti, 2023, (coordonator, \u00een colaborare).<\/p>\n\n\n\n<h2 class=\"wp-block-heading\"><strong>Edi\u021bii de documente<\/strong><\/h2>\n\n\n\n<p class=\"wp-block-paragraph\"><em>Decora\u021biile Rom\u00e2niei. Legi, decrete, hot\u0103r\u00e2ri \u0219i alte acte normative. Volumul I, 1860-1930<\/em>, Editura Universit\u0103\u021bii din Bucure\u0219ti, 2022.<\/p>\n\n\n\n<p class=\"wp-block-paragraph\"><em>Decora\u021biile Rom\u00e2niei. Legi, decrete, hot\u0103r\u00e2ri \u0219i alte acte normative. Volumul II, 1930-1947<\/em>, Editura Universit\u0103\u021bii din Bucure\u0219ti, 2022.<\/p>\n\n\n\n<h2 class=\"wp-block-heading\"><strong>Studii \u00een volume \u0219i reviste de specialitate<\/strong><\/h2>\n\n\n\n<p class=\"wp-block-paragraph\"><em>Invisible Spaces. Bucharest Market Hall Basement \u2013 a tool for modernizing the food chain (1872-1914)<\/em>, \u00een \u201eHiperboreea\u201d, Volume 11, Issue 2, December 2024, p. 219-235.<\/p>\n\n\n\n<p class=\"wp-block-paragraph\"><em>Prevenind holera. Consiliul de Igien\u0103 al Bucure\u0219tiului \u0219i m\u0103surile de preven\u021bie antiepidemic\u0103 (1880\u20131912)<\/em>, \u00een \u201eDe la ciuma lui Caragea la holera balcanic\u0103. Epidemii, carantine \u0219i s\u0103n\u0103tate public\u0103\u201d, ed. Constantin Ardeleanu, Bucure\u0219ti, Humanitas, 2024.&nbsp;<\/p>\n\n\n\n<p class=\"wp-block-paragraph\"><em>The Markets and the Market Halls of Bucharest (1870-1914). Tensions and Adaptation<\/em>, \u00een \u201eCitt\u00e0 che si adattano? Adaptive Cities?\u201d Vol. I \u201eAdattabilit\u00e0 o incapacit\u00e0 adattiva di fronte al cambiamento. Adaptability or Adaptive Inability in the Face of Change\u201d, ed. Rosa Tamborrino, AISU, Torino, 2024, p. 197-205.&nbsp;<a href=\"https:\/\/aisuinternational.org\/en\/citta-che-si-adattano-adaptive-cities\/\">https:\/\/aisuinternational.org\/en\/citta-che-si-adattano-adaptive-cities\/<\/a><\/p>\n\n\n\n<p class=\"wp-block-paragraph\"><em>Ordinele militare europene \u0219i \u00eenfiin\u021barea ordinului Mihai Viteazul. Abord\u0103ri comparative<\/em>, \u00een \u201eLitua. Studii \u0219i cercet\u0103ri\u201d, XXVI \u2013 2024, p. 263-280.<\/p>\n\n\n\n<p class=\"wp-block-paragraph\"><em>Regulamentele \u0219i alte acte normative ale municipalit\u0103\u021bii bucure\u0219tene referitoare la pie\u021be \u0219i hale (1870\u20131914)<\/em>, \u00een \u201eHistoria Urbana\u201d, tomul XXXI, 2023, p. 35\u201361.<\/p>\n\n\n\n<p class=\"wp-block-paragraph\"><em>Practici \u015ftiin\u0163ifice \u015fi norme sanitare \u00een regulamentele Laboratorului comunal chimico-bacteriologic al Bucure\u015ftiului<\/em>, \u00een Analele \u015etiin\u0163ifice ale Universit\u0103\u0163ii \u201eAlexandru Ioan Cuza\u201d din Ia\u015fi, (serie nou\u0103), Istorie, LXIX (2023), p. 157-168.<\/p>\n\n\n\n<p class=\"wp-block-paragraph\"><em>Changing Food Regulations: From Sufficiency Concerns to Sanitary Norms (1865-1914)<\/em>, \u00een Luca Mocarelli (ed.) \u201eCitt\u00e0 e cibo dall\u2019antichit\u00e0 a oggi. Cities and Food from Past to Present\u201d, AISU, Torino, 2023, p. 345-353.&nbsp;<a href=\"https:\/\/aisuinternational.org\/citta-e-cibo-dallantichita-a-oggi-cities-and-food-from-past-to-present\/\">https:\/\/aisuinternational.org\/citta-e-cibo-dallantichita-a-oggi-cities-and-food-from-past-to-present\/<\/a><\/p>\n\n\n\n<p class=\"wp-block-paragraph\"><em>Regulamentul din 1940 al ordinului \u201eMihai Viteazul\u201d \u0219i modific\u0103rile sale (septembrie 1940-august 1944)<\/em>, \u00een \u201eProvoc\u0103rile istoriei militare\u201d, coord. Simion C\u00e2l\u021bia, Andrei Florin Sora, Florin \u0218perlea, Editura Militar\u0103, Bucure\u0219ti, 2023, p. 127-175.<\/p>\n\n\n\n<p class=\"wp-block-paragraph\"><em>Decora\u0163iile, instrument de guvernare \u00een timpul domniei lui Carol I<\/em>, \u00een Analele \u015etiin\u0163ifice ale Universit\u0103\u0163ii \u201eAlexandru Ioan Cuza\u201d din Ia\u015fi, (serie nou\u0103), Istorie, LXVIII (2022), p. 457-472.<\/p>\n\n\n\n<p class=\"wp-block-paragraph\"><em>Legile \u0219i regulamentele privitoare la ordinul Mihai Viteazul cu spade<\/em>, \u00een volumul: Tradi\u021bie, Istorie, Armat\u0103, Conferin\u021ba Muzeului Militar Na\u021bional Regele Ferdinand I, 15 octombrie 2021, ed. a VII-a, Bucure\u0219ti, Editura \u201eCetatea de Scaun\u201d T\u00e2rgovi\u0219te, 2022, p. 235-250.<\/p>\n\n\n\n<p class=\"wp-block-paragraph\"><em>Tactica infanteriei \u00een r\u0103zboaiele de la mijlocul secolului al XIX-lea: o problem\u0103 istoriografic\u0103<\/em>, \u00een Revista de Istorie Militar\u0103, nr. 3-4 (191-192)\/2022, p. 1-14.<\/p>\n\n\n\n<p class=\"wp-block-paragraph\"><em>Distinc\u021bia<\/em>&nbsp;<em>R\u0103splata muncii rom\u00e2ne\u0219ti<\/em>, \u00een volumul Muzeul Militar Na\u021bional \u201eRegele Ferdinand I\u201d, Colec\u021bia studii. Tradi\u021bie, Istorie, Armat\u0103, Sesiunea na\u021bional\u0103 a Muzeului Militar Na\u021bional \u201eRegele Ferdinand I\u201d, ed. a VI-a, Bucure\u0219ti, 2020, Editura \u201eCetatea de Scaun\u201d T\u00e2rgovi\u0219te, 2021, p. 251-257.<\/p>\n\n\n\n<p class=\"wp-block-paragraph\"><em>Medalia Meritul Comercial \u0219i Industrial. \u00cenfiin\u021barea decora\u021biei \u0219i evolu\u021bia legisla\u021biei<\/em>, \u00een \u201eBuletinul Muzeului Militar Na\u021bional \u201eRegele Ferdinand I\u201d, Serie Nou\u0103\u201d, 18\/2020, p. 180-201.<\/p>\n\n\n\n<p class=\"wp-block-paragraph\"><em>Prima decora\u021bie pentru merite artistice &#8211; medalia Bene Merenti<\/em>, \u00een \u201eStudii \u015fi cercet\u0103ri de istoria artei, Art\u0103 plastic\u0103\u201d, Serie nou\u0103, tom 10 (54), 2020, p. 125\u2013135.<\/p>\n\n\n\n<p class=\"wp-block-paragraph\"><em>Rolul municipalit\u0103\u021bii \u00een introducerea ghe\u021bii artificiale \u00een Bucure\u0219ti (1902-1910)<\/em>, \u00een \u201eHistoria Urbana\u201d, tomul XXVIII, 2020, p. 171\u2013190.<\/p>\n\n\n\n<p class=\"wp-block-paragraph\"><em>Recompense materiale acordate celor decora\u021bi \u00een anii \u201940. Modific\u0103ri legislative<\/em>, \u00een Muzeul Militar Na\u021bional \u201eRegele Ferdinand I\u201d, Colec\u021bia studii. Tradi\u021bie, Istorie, Armat\u0103, Sesiunea na\u021bional\u0103 a Muzeului Militar Na\u021bional \u201eRegele Ferdinand I\u201d, ed. a V-a, Bucure\u0219ti, 2019, Editura \u201eCetatea de Scaun\u201d T\u00e2rgovi\u0219te, 2020, p. 154-164.<\/p>\n\n\n\n<p class=\"wp-block-paragraph\"><em>Na\u0219terea ordinelor militare. Ordinul Sf\u00e2ntul Ludovic<\/em>, \u00een \u201eBuletinul Muzeului Militar Na\u021bional \u201eRegele Ferdinand I\u201d, Serie Nou\u0103\u201d, 16-17\/2018-2019, p. 13-23.<\/p>\n\n\n\n<p class=\"wp-block-paragraph\"><em>Cump\u0103rarea de locuin\u0163e prin Casa de economie, credit \u015fi asisten\u0163\u0103 a P.T.T. \u00een anii \u201930 ai secolului trecut<\/em>, \u00een \u201eOrient \u0219i Occident. Studii \u00een memoria prof. Gheorghe Zbuchea, Editura Universit\u0103\u021bii din Bucure\u0219ti, 2018, p. 381-395.<\/p>\n\n\n\n<p class=\"wp-block-paragraph\"><em>The orders of Charles I reign as a support for a political discourse<\/em>, \u00een \u201eAnalele Universit\u0103\u021bii Bucure\u0219ti, seria Istorie\u201d, Anul LXIII, 2\/2014, p. 79-91.<\/p>\n\n\n\n<p class=\"wp-block-paragraph\"><em>The role of the city administration in modernizing meat trade (Bucharest, 1879-1938)<\/em>, \u00een \u201eAnalele Universit\u0103\u021bii Bucure\u0219ti, seria Istorie\u201d, Anul LXIII, 1\/2014, p. 27-44.<\/p>\n\n\n\n<p class=\"wp-block-paragraph\"><em>D\u00e9corations et discours politique pendant le r\u00e8gne de Charles I<sup>er<\/sup><\/em>, \u00een \u201ePenser le XIX<sup>e<\/sup>, si\u00e8cle. Nouveaux chantiers de recherche\u201d Editura Universit\u0103\u021bii \u201eAlexandru Ioan Cuza\u201d, Ia\u0219i, 2013, p. 223-252.<\/p>\n\n\n\n<p class=\"wp-block-paragraph\"><em>Reglementarea igienico-sanitar\u0103 a produc\u0163iei \u015fi a comer\u0163ului cu p\u00e2ine \u00een Bucure\u015fti la 1900<\/em>, \u00een \u201eLumea ora\u0219ului. Cercet\u0103ri de istorie urban\u0103\u201d, Coordonator Simion C\u00e2l\u021bia, Bucure\u0219ti, Editura Universit\u0103\u021bii din Bucure\u015fti, 2013, p. 289-311.<\/p>\n\n\n\n<p class=\"wp-block-paragraph\"><em>Ordinele militare ale secolului al XVIII-lea<\/em>, \u00een \u201eMuzeul Militar Na\u021bional \u201eRegele Ferdinand I\u201d 90 de ani \u00een slujba istoriografiei \u0219i muzeografiei militare, 1923-2013\u201d, Editura Muzeului Militar Na\u021bional \u201eRegele Ferdinand I\u201d, Bucure\u0219ti, 2013, p. 53-75.&nbsp;<\/p>\n\n\n\n<p class=\"wp-block-paragraph\"><em>The Debate of Modernization. A project for electrification of Bucharest\u2019s trams in 1899<\/em>, \u00een \u201eRevista Arhivelor\u201d, LXXXVII (2010), nr. 2, p. 100-115.&nbsp;<\/p>\n","protected":false},"excerpt":{"rendered":"<p>E-mail:&nbsp;simioncaltia@hotmail.com Studii: Doctor \u00een istorie la \u00c9cole des Hautes \u00c9tudes en Sciences Sociales, Paris, cu teza&nbsp;Villes ou villages dans les pays roumains ? (xviie&nbsp;et&nbsp;xviiie&nbsp;si\u00e8cle). La ruralit\u00e9 au c\u0153ur de la ville. (2008) Dipl\u00f4me d\u2019\u00c9tudes Approfondies la \u00c9cole des Hautes \u00c9tudes en Sciences Sociales, Paris. (1997-1998) Master, programul Istoria Sud-Estului Europei, Facultatea de Istorie, Universitatea din [&hellip;]<\/p>\n","protected":false},"author":10,"featured_media":0,"parent":0,"menu_order":0,"comment_status":"closed","ping_status":"closed","template":"","meta":{"_crdt_document":"","jetpack_post_was_ever_published":false,"footnotes":""},"class_list":["post-17587","page","type-page","status-publish","hentry"],"jetpack_sharing_enabled":true,"jetpack_shortlink":"https:\/\/wp.me\/PaobZd-4zF","jetpack-related-posts":[],"_links":{"self":[{"href":"https:\/\/istorie.unibuc.ro\/facultate\/wp-json\/wp\/v2\/pages\/17587","targetHints":{"allow":["GET"]}}],"collection":[{"href":"https:\/\/istorie.unibuc.ro\/facultate\/wp-json\/wp\/v2\/pages"}],"about":[{"href":"https:\/\/istorie.unibuc.ro\/facultate\/wp-json\/wp\/v2\/types\/page"}],"author":[{"embeddable":true,"href":"https:\/\/istorie.unibuc.ro\/facultate\/wp-json\/wp\/v2\/users\/10"}],"replies":[{"embeddable":true,"href":"https:\/\/istorie.unibuc.ro\/facultate\/wp-json\/wp\/v2\/comments?post=17587"}],"version-history":[{"count":3,"href":"https:\/\/istorie.unibuc.ro\/facultate\/wp-json\/wp\/v2\/pages\/17587\/revisions"}],"predecessor-version":[{"id":17593,"href":"https:\/\/istorie.unibuc.ro\/facultate\/wp-json\/wp\/v2\/pages\/17587\/revisions\/17593"}],"wp:attachment":[{"href":"https:\/\/istorie.unibuc.ro\/facultate\/wp-json\/wp\/v2\/media?parent=17587"}],"curies":[{"name":"wp","href":"https:\/\/api.w.org\/{rel}","templated":true}]}}