{"id":171,"date":"2018-10-26T14:35:51","date_gmt":"2018-10-26T14:35:51","guid":{"rendered":"http:\/\/newhis.bucharest.university\/?page_id=171"},"modified":"2025-02-12T11:22:04","modified_gmt":"2025-02-12T11:22:04","slug":"istoria-romanilor-si-a-sud-estului-european","status":"publish","type":"page","link":"https:\/\/istorie.unibuc.ro\/facultate\/departamente\/istoria-romanilor-si-a-sud-estului-european\/","title":{"rendered":"Istoria Romanilor si a Sud-Estului European"},"content":{"rendered":"\n<p class=\"wp-block-paragraph\">Este un departament tradi\u0163ional, cu precursori ilu\u015ftri. \u00cen prezent, departamentul \u015fi-a orientat o parte important\u0103 a eforturilor sale \u00een vederea recuper\u0103rii \u015fi rescrierii unor perioade importante ale istoriei noastre na\u0163ionale.<\/p>\n\n\n\n<h3 class=\"wp-block-heading\">Director departament:<\/h3>\n\n\n\n<h4 class=\"wp-block-heading\"><\/h4>\n\n\n\n<p class=\"wp-block-paragraph\"><a href=\"http:\/\/istorie.unibuc.ro\/departamente\/istoria-romanilor-si-a-sud-estului-european\/lect-univ-dr-radu-nedici\/\">Conf. dr. Radu Nedici<\/a><\/p>\n\n\n\n<h3 class=\"wp-block-heading\"><br>Membri:<\/h3>\n\n\n\n<p class=\"wp-block-paragraph\"><\/p>\n\n\n\n<ul class=\"wp-block-list\">\n<li><a href=\"http:\/\/istorie.unibuc.ro\/departamente\/istoria-romanilor-si-a-sud-estului-european\/prof-univ-dr-mirela-luminita-murgescu\/\">Prof. dr. Mirela Murgescu<\/a><\/li>\n\n\n\n<li>Prof. dr. Adrian Mihai Cioroianu<\/li>\n\n\n\n<li>Prof. dr. Alin Ionu\u021b Ciupal\u0103<\/li>\n\n\n\n<li><a href=\"http:\/\/istorie.unibuc.ro\/departamente\/istoria-romanilor-si-a-sud-estului-european\/prof-dr-florin-muller\/\">Prof. dr. Florin Muller<\/a><\/li>\n\n\n\n<li><a href=\"http:\/\/istorie.unibuc.ro\/departamente\/istoria-romanilor-si-a-sud-estului-european\/prof-univ-dr-mihai-sorin-radulescu\/\">Prof. dr. Mihai Sorin R\u0103dulescu<\/a><\/li>\n\n\n\n<li><a href=\"http:\/\/istorie.unibuc.ro\/departamente\/istoria-romanilor-si-a-sud-estului-european\/prof-univ-dr-mihai-razvan-ungureanu\/\">Prof. dr. Mihai R\u0103zvan Ungurean<\/a>u<\/li>\n\n\n\n<li><a href=\"https:\/\/istorie.unibuc.ro\/facultate\/conf-dr-simion-nicolae-caltia\/\" data-type=\"page\" data-id=\"17587\">Conf. dr. Simion Nicolae C\u00e2l\u021bia <\/a><\/li>\n\n\n\n<li>Conf. dr. Gheorghe Marius Diaconescu <\/li>\n\n\n\n<li><a href=\"http:\/\/istorie.unibuc.ro\/departamente\/istoria-romanilor-si-a-sud-estului-european\/conf-univ-dr-florentina-nitu\/\">Conf. dr. Florentina Ni\u021bu<\/a><\/li>\n\n\n\n<li>Conf. dr. Cristina Gudin<\/li>\n\n\n\n<li><a href=\"http:\/\/istorie.unibuc.ro\/departamente\/istoria-romanilor-si-a-sud-estului-european\/lect-univ-dr-andrei-florin-sora\/\">Conf. dr. Andrei Florin Sora<\/a> &#8211; Prodecan<\/li>\n\n\n\n<li><a href=\"http:\/\/istorie.unibuc.ro\/departamente\/istoria-romanilor-si-a-sud-estului-european\/lect-dr-matei-gheboianu\/\">Conf. dr. Matei Gheboianu<\/a><\/li>\n\n\n\n<li><a href=\"http:\/\/istorie.unibuc.ro\/departamente\/istoria-romanilor-si-a-sud-estului-european\/lect-dr-cosmin-ionita\/\">Lect. dr. Cosmin Ioni\u021b\u0103<\/a><\/li>\n\n\n\n<li><a href=\"https:\/\/istorie.unibuc.ro\/facultate\/departamente\/istoria-romanilor-si-a-sud-estului-european\/lect-univ-dr-daniela-popescu\/\" data-type=\"page\" data-id=\"16199\">Lect.dr. Daniela Popescu<\/a><\/li>\n<\/ul>\n\n\n\n<div class=\"wp-block-file\"><a id=\"wp-block-file--media-59c7daee-cc81-48f6-b070-dbfc15ab4afe\" href=\"https:\/\/istorie.unibuc.ro\/wp-content\/uploads\/2021\/02\/DIRSEE-evaluare-cadre-didactice-2020-1.pdf\">DIRSEE-evaluare-cadre-didactice-2020-1<\/a><a href=\"https:\/\/istorie.unibuc.ro\/wp-content\/uploads\/2021\/02\/DIRSEE-evaluare-cadre-didactice-2020-1.pdf\" class=\"wp-block-file__button wp-element-button\" download aria-describedby=\"wp-block-file--media-59c7daee-cc81-48f6-b070-dbfc15ab4afe\">Descarc\u0103<\/a><\/div>\n","protected":false},"excerpt":{"rendered":"<p>Este un departament tradi\u0163ional, cu precursori ilu\u015ftri. \u00cen prezent, departamentul \u015fi-a orientat o parte important\u0103 a eforturilor sale \u00een vederea recuper\u0103rii \u015fi rescrierii unor perioade importante ale istoriei noastre na\u0163ionale. Director departament: Conf. dr. Radu Nedici Membri:<\/p>\n","protected":false},"author":2,"featured_media":0,"parent":167,"menu_order":0,"comment_status":"closed","ping_status":"closed","template":"","meta":{"_crdt_document":"","jetpack_post_was_ever_published":false,"footnotes":""},"class_list":["post-171","page","type-page","status-publish","hentry"],"jetpack_sharing_enabled":true,"jetpack_shortlink":"https:\/\/wp.me\/PaobZd-2L","jetpack-related-posts":[],"_links":{"self":[{"href":"https:\/\/istorie.unibuc.ro\/facultate\/wp-json\/wp\/v2\/pages\/171","targetHints":{"allow":["GET"]}}],"collection":[{"href":"https:\/\/istorie.unibuc.ro\/facultate\/wp-json\/wp\/v2\/pages"}],"about":[{"href":"https:\/\/istorie.unibuc.ro\/facultate\/wp-json\/wp\/v2\/types\/page"}],"author":[{"embeddable":true,"href":"https:\/\/istorie.unibuc.ro\/facultate\/wp-json\/wp\/v2\/users\/2"}],"replies":[{"embeddable":true,"href":"https:\/\/istorie.unibuc.ro\/facultate\/wp-json\/wp\/v2\/comments?post=171"}],"version-history":[{"count":13,"href":"https:\/\/istorie.unibuc.ro\/facultate\/wp-json\/wp\/v2\/pages\/171\/revisions"}],"predecessor-version":[{"id":17589,"href":"https:\/\/istorie.unibuc.ro\/facultate\/wp-json\/wp\/v2\/pages\/171\/revisions\/17589"}],"up":[{"embeddable":true,"href":"https:\/\/istorie.unibuc.ro\/facultate\/wp-json\/wp\/v2\/pages\/167"}],"wp:attachment":[{"href":"https:\/\/istorie.unibuc.ro\/facultate\/wp-json\/wp\/v2\/media?parent=171"}],"curies":[{"name":"wp","href":"https:\/\/api.w.org\/{rel}","templated":true}]}}