{"id":16199,"date":"2024-09-27T13:57:38","date_gmt":"2024-09-27T13:57:38","guid":{"rendered":"https:\/\/istorie.unibuc.ro\/facultate\/?page_id=16199"},"modified":"2025-03-16T10:52:08","modified_gmt":"2025-03-16T10:52:08","slug":"lect-univ-dr-daniela-popescu","status":"publish","type":"page","link":"https:\/\/istorie.unibuc.ro\/facultate\/departamente\/istoria-romanilor-si-a-sud-estului-european\/lect-univ-dr-daniela-popescu\/","title":{"rendered":"Lect. univ. dr. Daniela Popescu"},"content":{"rendered":"\n<p class=\"wp-block-paragraph\">Email:&nbsp;<a href=\"mailto:daniela.popescu@istorie.unibuc.ro\">daniela.popescu@istorie.unibuc.ro<\/a><\/p>\n\n\n\n<p class=\"wp-block-paragraph\"><strong>Studii:<\/strong><\/p>\n\n\n\n<p class=\"wp-block-paragraph\">Doctorat \u00een Istorie, Facultatea de Istorie, Universitatea din Bucure\u0219ti (2020)<\/p>\n\n\n\n<p class=\"wp-block-paragraph\">Master \u00een Istoria si Practica Rela\u021biilor Internationale, Facultatea de Istorie, Universitatea din Bucure\u0219ti (2016)<\/p>\n\n\n\n<p class=\"wp-block-paragraph\">Licen\u021b\u0103 \u00een Rela\u021bii Interna\u021bionale \u0219i Studii Europene, Facultatea de Istorie, Universitatea din Bucure\u0219ti (2014)<\/p>\n\n\n\n<p class=\"wp-block-paragraph\"><strong>Domenii de interes:<\/strong><\/p>\n\n\n\n<p class=\"wp-block-paragraph\">Rela\u021bii interna\u021bionale, perioada interbelic\u0103 \u0219i agenda de politic\u0103 extern\u0103 a Rom\u00e2niei, Rom\u00e2nia secolului al XX-lea, rela\u021biile rom\u00e2no-turce, comunitatea musulman\u0103, comunitatea rom\u0103, problematica minorit\u0103\u021bilor, minoritatea turco-t\u0103tar\u0103, tehnici de propagand\u0103, analiza conflictelor interna\u021bionale, istorie oral\u0103 \u0219i istorie social\u0103, comunismul rom\u00e2nesc, istoria PCR, surse vizuale \u0219i digitale<\/p>\n\n\n\n<p class=\"wp-block-paragraph\"><strong>Cursuri sus\u021binute la facultate:<\/strong><\/p>\n\n\n\n<p class=\"wp-block-paragraph\">Crizele comunismului rom\u00e2nesc<\/p>\n\n\n\n<p class=\"wp-block-paragraph\">Comunicare academic\u0103<\/p>\n\n\n\n<p class=\"wp-block-paragraph\">Surse ale istoriei contemporane a Rom\u00e2niei<\/p>\n\n\n\n<p class=\"wp-block-paragraph\"><strong>Consultatii:<\/strong><\/p>\n\n\n\n<p class=\"wp-block-paragraph\">Mar\u021bi: 16:00-18:00 (sala 105), 18:00-19:00 (sala 103)<\/p>\n\n\n\n<p class=\"wp-block-paragraph\">Miercuri: 12:00-14:00 (DIRSEE)<\/p>\n\n\n\n<p class=\"wp-block-paragraph\"><strong>List\u0103 selectiv\u0103 de publica\u021bii:<\/strong><\/p>\n\n\n\n<p class=\"wp-block-paragraph\"> \u201eRomanian-Turkish diplomatic Relations during the first years after the communist regime took the power in Romania. The border crossings into Turkey\u201d \u00een Abdullah Kaymak, Selin Eren, Semiha Nurdan, K\u00fcbra G\u00fcney, Muhammed \u00d6zler (eds.), <em>XIX. T\u00fcrk Tarih Kongresi<\/em>, vol. 7, Ankara, Atat\u00fcrk ve T\u00fcrkiye Cumhuriyeti Tarihi, 2023, pp. 39-59.<\/p>\n\n\n\n<p class=\"wp-block-paragraph\"> \u201eAn Unusual Episode of Romanian-Turkish Diplomacy. The Flight of Sabiha G\u00f6k\u00e7en to Bucharest in 1938\u201d \u00een Delia Roxana Cornea, Metin Omer, Emanuel Plopeanu (ed.), <em>Turkish Cultural Legacy in the Balkans From Empire to the Republic of T\u00fcrkiye<\/em>, Cluj-Napoca, Editura Mega, 2023, pp. 235-247.<\/p>\n\n\n\n<p class=\"wp-block-paragraph\"> \u201eGeneral opinions and beliefes about the Romanian Roma people\u2019s religious confessions during the 1920s and 1930s\u201d, Muzeul Banatului Montan Re\u0219i\u021ba<em> Revista Banatica<\/em>, nr. 33, pp. 609-619.<\/p>\n\n\n\n<p class=\"wp-block-paragraph\"><em>Educa\u021bie, \u0219coli \u0219i propagand\u0103 \u00een cadrul Grupului Etnic German din Rom\u00e2nia (1940-1944)<\/em>, \u201eAnalele \u0218tiin\u021bifice ale Universit\u0103\u021bii Al. I.Cuza\u201d, serie nou\u0103, <em>Istorie<\/em>, vol. LXIX 2023 (sub tipar, adeverin\u021ba public\u0103rii \u00een anexe)<\/p>\n\n\n\n<p class=\"wp-block-paragraph\">Ion Bucur, Daniela Popescu, \u201eRomania`s Elections of May 1990\u201d \u00een Matei Gheboianu, Daniela Popescu (ed.), <em>Post-communism, Democracy, and Illiberalism in Central and Eastern Europe after the fall of the Soviet Union<\/em>, Lanham, Lexington Book, 2023, pp. 85-111.<\/p>\n\n\n\n<p class=\"wp-block-paragraph\"> \u201ePerceptions and Misperceptions on Roma People During the First Half of the 20<sup>th<\/sup> Century. A Glimpse into the Romanian Press\u201d in <em>Review of Ecumenical Studies<\/em> 14 (3\/2022), pp. 197\u2013217 (DOI: 10.2478\/ress-2022-0114)<\/p>\n\n\n\n<p class=\"wp-block-paragraph\"> \u201eThe German Ethnic Group in Romania\u2019s Propaganda Practices Perceived by the Romanian Authorities\u201d in <em>Transylvanian Review<\/em>, Vol. XXIX, Supplement No. 2, 2022 (<em>Regional and Ethnic Communities, Past and Present<\/em>), pp. 36-47.<\/p>\n\n\n\n<p class=\"wp-block-paragraph\"> \u201eThe last decade metamorphoses of T\u00fcrkiyes foreign policy agenda: is its future on the &nbsp;scaffold?\u201d in <em>Studia Universitatis Babe\u015f-Bolyai<\/em>, vol. 67, no. 1 (June 2022), pp. 115-130.<\/p>\n\n\n\n<p class=\"wp-block-paragraph\"> \u201eRom\u00e2nia \u0219i Turcia \u2013 t\u0103cerea diplomatic\u0103 de dup\u0103 1945 \u0219i momentul schimb\u0103rii: vizita lui Ion Gheorghe Maurer \u00een Turcia (1966)\u201d \u00een Muzeul Jude\u021bean Gorj \u201eAlexandru \u0218tefulescu\u201d, <em>LITUA. Studii \u0219i cercet\u0103ri<\/em>, XXIV, pp.&nbsp; 235-247.<\/p>\n\n\n\n<p class=\"wp-block-paragraph\"> \u201eThe Escape to Turkey. Ways and Methods of Illegal Border Crossings into Turkey from the perspective of SSI documents (1945-1948)\u201d, \u00een <em>Studia Universitatis Babe\u015f-Bolyai, Historia<\/em>, Volume 65, Number 2, December 2020, pp. 123-135.<\/p>\n\n\n\n<p class=\"wp-block-paragraph\"> \u201eConceptul de percep\u021bie \u00een sistemul de rela\u021bii interna\u021bionale. Studiu de caz: percep\u021bia cercurilor diplomatice turce din Rom\u00e2nia \u0219i a opiniei publice din Turcia cu privire la situa\u021bia intern\u0103 rom\u00e2neasc\u0103 (1939-1948)\u201d, \u00een Matei Gheboianu, Ionu\u021b Marcu (coord.), <em>Rom\u00e2nia 100. Lucr\u0103rile Conferin\u021bei CICR 19-20 aprilie 2018<\/em>, (Bucure\u0219ti: Editura Universit\u0103\u021bii din Bucure\u0219ti, 2019), pp. 70-77.&nbsp;&nbsp;<\/p>\n\n\n\n<p class=\"wp-block-paragraph\"> \u201eThe Reforms of Mustafa Kemal Atat\u00fcrk: A Decade of Romanian Perceptions \u2013 At the Bond of Politics and Society; between Secular and archaic\u201d, \u00een <em>Atat\u00fcrk Ara\u015ft\u0131rma Merkezi Ba\u015fkanli\u011fi,<\/em> <em>T\u00fcrk\u0131ye-Romanya \u0130li\u015fkileri Ge\u00e7mi\u015f ve g\u00fcn\u00fcm\u00fcz uluslararas\u0131 sempozyumu<\/em>, cilt. II, (Ankara: Yay\u0131na Haz\u0131rlayan Duygu T\u00fcrker \u00c7elik, 2019), pp.1251-1269.<\/p>\n\n\n\n<p class=\"wp-block-paragraph\"> \u201eFurtuna din samovar: mi\u0219carea comunist\u0103 din Turcia \u0219i umbra sovietic\u0103 (1920-1945)\u201d<em>,<\/em> \u00een <em>Scripta Historica in Honorem Professoris Emeriti Mihai Retegan<\/em>, Florentina Ni\u021bu, Matei Gheboianu (coord.), (Bucure\u0219ti: Editura Universit\u0103\u021bii din Bucure\u0219ti, 2019), pp. 215-235.<\/p>\n\n\n\n<p class=\"wp-block-paragraph\"><strong>C\u0103r\u021bi:<\/strong><\/p>\n\n\n\n<p class=\"wp-block-paragraph\">Matei Gheboianu, Daniela Popescu (ed.), <em>Post-communism, Democracy, and Illiberalism in Central and Eastern Europe after the fall of the Soviet Union<\/em>, Lanham, Lexington Book, 2023.<\/p>\n\n\n\n<p class=\"wp-block-paragraph\">Daniela Popescu, <em>Navig\u00e2nd \u00een ape \u00eenvolburate: Rom\u00e2nia \u0219i Turcia \u00een vreme de pace \u0219i de r\u0103zboi (1934-1948),<\/em> Cluj-Napoca, Editura Mega, 2023.<\/p>\n\n\n\n<p class=\"wp-block-paragraph\"><strong>Acceseaz\u0103 CV: <\/strong><\/p>\n\n\n\n<div data-wp-interactive=\"core\/file\" class=\"wp-block-file\"><object data-wp-bind--hidden=\"!state.hasPdfPreview\" hidden class=\"wp-block-file__embed\" data=\"https:\/\/istorie.unibuc.ro\/wp-content\/uploads\/2024\/11\/CV-DANIELA-POPESCU_2024.pdf\" type=\"application\/pdf\" style=\"width:100%;height:600px\" aria-label=\"\u00cenglobare pentru CV DANIELA POPESCU_2024.\"><\/object><a id=\"wp-block-file--media-e123db8d-a242-4217-865a-4d694715c6be\" href=\"https:\/\/istorie.unibuc.ro\/wp-content\/uploads\/2024\/11\/CV-DANIELA-POPESCU_2024.pdf\">CV DANIELA POPESCU_2024<\/a><a href=\"https:\/\/istorie.unibuc.ro\/wp-content\/uploads\/2024\/11\/CV-DANIELA-POPESCU_2024.pdf\" class=\"wp-block-file__button wp-element-button\" download aria-describedby=\"wp-block-file--media-e123db8d-a242-4217-865a-4d694715c6be\">Descarc\u0103<\/a><\/div>\n","protected":false},"excerpt":{"rendered":"<p>Email:&nbsp;daniela.popescu@istorie.unibuc.ro Studii: Doctorat \u00een Istorie, Facultatea de Istorie, Universitatea din Bucure\u0219ti (2020) Master \u00een Istoria si Practica Rela\u021biilor Internationale, Facultatea de Istorie, Universitatea din Bucure\u0219ti (2016) Licen\u021b\u0103 \u00een Rela\u021bii Interna\u021bionale \u0219i Studii Europene, Facultatea de Istorie, Universitatea din Bucure\u0219ti (2014) Domenii de interes: Rela\u021bii interna\u021bionale, perioada interbelic\u0103 \u0219i agenda de politic\u0103 extern\u0103 a Rom\u00e2niei, Rom\u00e2nia [&hellip;]<\/p>\n","protected":false},"author":1,"featured_media":0,"parent":171,"menu_order":0,"comment_status":"closed","ping_status":"closed","template":"","meta":{"_crdt_document":"","jetpack_post_was_ever_published":false,"footnotes":""},"class_list":["post-16199","page","type-page","status-publish","hentry"],"jetpack_sharing_enabled":true,"jetpack_shortlink":"https:\/\/wp.me\/PaobZd-4dh","jetpack-related-posts":[],"_links":{"self":[{"href":"https:\/\/istorie.unibuc.ro\/facultate\/wp-json\/wp\/v2\/pages\/16199","targetHints":{"allow":["GET"]}}],"collection":[{"href":"https:\/\/istorie.unibuc.ro\/facultate\/wp-json\/wp\/v2\/pages"}],"about":[{"href":"https:\/\/istorie.unibuc.ro\/facultate\/wp-json\/wp\/v2\/types\/page"}],"author":[{"embeddable":true,"href":"https:\/\/istorie.unibuc.ro\/facultate\/wp-json\/wp\/v2\/users\/1"}],"replies":[{"embeddable":true,"href":"https:\/\/istorie.unibuc.ro\/facultate\/wp-json\/wp\/v2\/comments?post=16199"}],"version-history":[{"count":5,"href":"https:\/\/istorie.unibuc.ro\/facultate\/wp-json\/wp\/v2\/pages\/16199\/revisions"}],"predecessor-version":[{"id":18222,"href":"https:\/\/istorie.unibuc.ro\/facultate\/wp-json\/wp\/v2\/pages\/16199\/revisions\/18222"}],"up":[{"embeddable":true,"href":"https:\/\/istorie.unibuc.ro\/facultate\/wp-json\/wp\/v2\/pages\/171"}],"wp:attachment":[{"href":"https:\/\/istorie.unibuc.ro\/facultate\/wp-json\/wp\/v2\/media?parent=16199"}],"curies":[{"name":"wp","href":"https:\/\/api.w.org\/{rel}","templated":true}]}}