{"id":141,"date":"2018-10-26T14:15:37","date_gmt":"2018-10-26T14:15:37","guid":{"rendered":"http:\/\/newhis.bucharest.university\/?page_id=141"},"modified":"2024-09-09T11:58:55","modified_gmt":"2024-09-09T11:58:55","slug":"biblioteca","status":"publish","type":"page","link":"https:\/\/istorie.unibuc.ro\/facultate\/facultate\/biblioteca\/","title":{"rendered":"Biblioteca"},"content":{"rendered":"\n<div class=\"wp-block-columns has-2-columns is-layout-flex wp-container-core-columns-is-layout-8f761849 wp-block-columns-is-layout-flex\">\n<div class=\"wp-block-column is-layout-flow wp-block-column-is-layout-flow\">\n<h3 class=\"wp-block-heading\" id=\"istoric\">Istoric<\/h3>\n\n\n\n<p class=\"wp-block-paragraph\">Biblioteca de Istorie face parte din re\u0163eaua celor 15 biblioteci filiale specializate care func\u0163ioneaz\u0103 pe l\u00e2ng\u0103 facult\u0103\u0163ile Universit\u0103\u0163ii din Bucure\u015fti, integrate organizatoric \u015fi profesional \u00een complexul BCU \u201eCarol I\u201d.<\/p>\n\n\n\n<p class=\"wp-block-paragraph\">\u00cenceputurile acestei biblioteci \u00ee\u015fi au originea \u00een bibliotecile de seminar ap\u0103rute \u00een ultimul deceniu al secolului al XIX-lea. Odat\u0103 cu \u00eenfiin\u0163area, \u00een 1907, a Bibliotecii Facult\u0103\u0163ii de Filosofie \u015fi Litere, se trece la reorganizarea acestora, astfel \u00eenc\u00e2t din 1927 bibliotecile de seminar vor func\u0163iona \u00een s\u0103li proprii, \u00een condi\u0163ii de autonomie. \u00cen anul 1949 ia fiin\u0163\u0103 Biblioteca de Istorie, ca bibliotec\u0103 de sec\u0163ie a Facult\u0103\u0163ii de Istorie \u015fi Geografie, prin comasarea fondurilor de c\u0103r\u0163i \u015fi periodice ale bibliotecilor seminariilor de istorie universal\u0103, istorie antic\u0103, istoria slavilor, bizantinologie \u015fi istoria artelor, ale fostei Facult\u0103\u0163i de Filosofie \u015fi Litere. \u00cen anul 1950, devine bibliotec\u0103 de facultate, odat\u0103 cu \u00eenfiin\u0163area Facult\u0103\u0163ii de Istorie, ca urmare a separ\u0103rii Facult\u0103\u0163ii de Istorie \u2013 Geografie \u00een dou\u0103 structuri independente. \u00cen acela\u015fi an se \u00eembog\u0103\u0163e\u015fte cu fondul de publica\u0163ii ale Bibliotecii fostului Institut de Arhivistic\u0103, Biblioteconomie si Muzeografie. \u00cen anul 1975, odat\u0103 cu integrarea celor trei institute de cercetare de profil \u2013 Institutul de Arheologie, Institutul de Istorie \u201eNicolae Iorga\u201d, Institutul de Studii Sud-Est Europene \u2013 \u00een cadrul Universit\u0103\u0163ii, bibliotecile acestora devin sec\u0163ii ale Bibliotecii de Istorie. Unificarea, \u00een 1977, a Facult\u0103\u0163ii de Istorie cu Facultatea de Filosofie determin\u0103 \u015fi comasarea celor dou\u0103 biblioteci, fondurile ram\u00e2n\u00e2nd \u00eens\u0103 separate. Biblioteca func\u0163ioneaz\u0103 sub denumirea de Biblioteca de Istorie \u015fi Filosofie, incluz\u00e2nd \u00een structura sa \u015fi bibliotecile institutelor de Filosofie, Sociologie \u015fi Logic\u0103.<\/p>\n\n\n\n<p class=\"wp-block-paragraph\">Devenit\u0103, astfel, cea mai mare filial\u0103 din complexul BCU \u201eCarol I\u201d, func\u0163ioneaz\u0103 \u00een aceast\u0103 structur\u0103 p\u00e2n\u0103 \u00een anul 1990, c\u00e2nd \u00ee\u015fi reia activitatea de sine st\u0103t\u0103toare, iar bibliotecile institutelor de cercetare men\u0163ionate revin sub egida Academiei Rom\u00e2ne. Un merit deosebit \u00een organizarea \u015fi dezvoltarea bibliotecii de ast\u0103zi l-au avut ilu\u015ftrii istorici \u015fi profesori V. P\u00e2rvan, N. Iorga, P. P. Panaitescu, S. Lambrino, D. Russo, V. Papacostea, A. Sacerdo\u0163eanu, Gh. \u015etefan, D. M. Pippidi. \u00cen completarea colec\u0163iilor de documente o ac\u0163iune important\u0103 a constituit-o achizi\u0163ionarea integral\u0103 a bibliotecilor de specialitate ale unor profesori \u015fi cercet\u0103tori renumi\u0163i: P. P. Panaitescu, I. Andrie\u015fescu, N. B\u0103nescu. Biblioteca de Istorie func\u0163ioneaz\u0103 \u00een acest spa\u0163iu din anul 1971, c\u00e2nd a fost dat \u00een folosin\u0163\u0103 localul Facult\u0103\u0163ii de Istorie, \u00een aripa reconstruit\u0103 a Universit\u0103\u0163ii.<\/p>\n\n\n\n<p class=\"wp-block-paragraph\">Utilizatorii au la dispozi\u0163ie o sal\u0103 de lectur\u0103 pentru c\u0103r\u0163i (cu 88 de locuri) \u00een care documentele sunt grupate pe domenii \u015fi o sal\u0103 de lectur\u0103 pentru publica\u0163ii seriale (cu 30 de locuri). Ambele func\u0163ioneaz\u0103 pe principiul accesului direct la documente \u015fi, \u00eempreun\u0103, de\u0163in circa 7.033 volume. Centrul de \u00eemprumut asigur\u0103 \u00eemprumutul de publica\u0163ii (c\u0103r\u0163i) la domiciliu pentru studen\u0163ii \u015fi cadrele didactice ale Facult\u0103\u0163ii de Istorie. \u00cen anul 2004 cele dou\u0103 s\u0103li de lectur\u0103 au fost reorganizate \u015fi complet modernizate, iar \u00eentreaga colec\u0163ie de documente aflat\u0103 \u00een depozite a fost transferat\u0103 \u015fi amplasat\u0103 \u00een noile spa\u0163ii, special amenajate, la parterul cl\u0103dirii.<\/p>\n<\/div>\n\n\n\n<div class=\"wp-block-column is-layout-flow wp-block-column-is-layout-flow\">\n<h3 class=\"wp-block-heading\" id=\"colec\u021bii\">Colec\u021bii<\/h3>\n\n\n\n<p class=\"wp-block-paragraph\">Biblioteca de Istorie face parte din re\u0163eaua celor 15 biblioteci filiale specializate care func\u0163ioneaz\u0103 pe l\u00e2ng\u0103 facult\u0103\u0163ile Universit\u0103\u0163ii din Bucure\u015fti, integrate organizatoric \u015fi profesional \u00een complexul BCU \u201eCarol I\u201d.<\/p>\n\n\n\n<p class=\"wp-block-paragraph\">\u00cenceputurile acestei biblioteci \u00ee\u015fi au originea \u00een bibliotecile de seminar ap\u0103rute \u00een ultimul deceniu al secolului al XIX-lea. Odat\u0103 cu \u00eenfiin\u0163area, \u00een 1907, a Bibliotecii Facult\u0103\u0163ii de Filosofie \u015fi Litere, se trece la reorganizarea acestora, astfel \u00eenc\u00e2t din 1927 bibliotecile de seminar vor func\u0163iona \u00een s\u0103li proprii, \u00een condi\u0163ii de autonomie. \u00cen anul 1949 ia fiin\u0163\u0103 Biblioteca de Istorie, ca bibliotec\u0103 de sec\u0163ie a Facult\u0103\u0163ii de Istorie \u015fi Geografie, prin comasarea fondurilor de c\u0103r\u0163i \u015fi periodice ale bibliotecilor seminariilor de istorie universal\u0103, istorie antic\u0103, istoria slavilor, bizantinologie \u015fi istoria artelor, ale fostei Facult\u0103\u0163i de Filosofie \u015fi Litere. \u00cen anul 1950, devine bibliotec\u0103 de facultate, odat\u0103 cu \u00eenfiin\u0163area Facult\u0103\u0163ii de Istorie, ca urmare a separ\u0103rii Facult\u0103\u0163ii de Istorie \u2013 Geografie \u00een dou\u0103 structuri independente. \u00cen acela\u015fi an se \u00eembog\u0103\u0163e\u015fte cu fondul de publica\u0163ii ale Bibliotecii fostului Institut de Arhivistic\u0103, Biblioteconomie si Muzeografie. \u00cen anul 1975, odat\u0103 cu integrarea celor trei institute de cercetare de profil \u2013 Institutul de Arheologie, Institutul de Istorie \u201eNicolae Iorga\u201d, Institutul de Studii Sud-Est Europene \u2013 \u00een cadrul Universit\u0103\u0163ii, bibliotecile acestora devin sec\u0163ii ale Bibliotecii de Istorie. Unificarea, \u00een 1977, a Facult\u0103\u0163ii de Istorie cu Facultatea de Filosofie determin\u0103 \u015fi comasarea celor dou\u0103 biblioteci, fondurile ram\u00e2n\u00e2nd \u00eens\u0103 separate. Biblioteca func\u0163ioneaz\u0103 sub denumirea de Biblioteca de Istorie \u015fi Filosofie, incluz\u00e2nd \u00een structura sa \u015fi bibliotecile institutelor de Filosofie, Sociologie \u015fi Logic\u0103.<\/p>\n\n\n\n<p class=\"wp-block-paragraph\">Devenit\u0103, astfel, cea mai mare filial\u0103 din complexul BCU \u201eCarol I\u201d, func\u0163ioneaz\u0103 \u00een aceast\u0103 structur\u0103 p\u00e2n\u0103 \u00een anul 1990, c\u00e2nd \u00ee\u015fi reia activitatea de sine st\u0103t\u0103toare, iar bibliotecile institutelor de cercetare men\u0163ionate revin sub egida Academiei Rom\u00e2ne. Un merit deosebit \u00een organizarea \u015fi dezvoltarea bibliotecii de ast\u0103zi l-au avut ilu\u015ftrii istorici \u015fi profesori V. P\u00e2rvan, N. Iorga, P. P. Panaitescu, S. Lambrino, D. Russo, V. Papacostea, A. Sacerdo\u0163eanu, Gh. \u015etefan, D. M. Pippidi. \u00cen completarea colec\u0163iilor de documente o ac\u0163iune important\u0103 a constituit-o achizi\u0163ionarea integral\u0103 a bibliotecilor de specialitate ale unor profesori \u015fi cercet\u0103tori renumi\u0163i: P. P. Panaitescu, I. Andrie\u015fescu, N. B\u0103nescu. Biblioteca de Istorie func\u0163ioneaz\u0103 \u00een acest spa\u0163iu din anul 1971, c\u00e2nd a fost dat \u00een folosin\u0163\u0103 localul Facult\u0103\u0163ii de Istorie, \u00een aripa reconstruit\u0103 a Universit\u0103\u0163ii.<\/p>\n\n\n\n<p class=\"wp-block-paragraph\">Utilizatorii au la dispozi\u0163ie o sal\u0103 de lectur\u0103 pentru c\u0103r\u0163i (cu 88 de locuri) \u00een care documentele sunt grupate pe domenii \u015fi o sal\u0103 de lectur\u0103 pentru publica\u0163ii seriale (cu 30 de locuri). Ambele func\u0163ioneaz\u0103 pe principiul accesului direct la documente \u015fi, \u00eempreun\u0103, de\u0163in circa 7.033 volume. Centrul de \u00eemprumut asigur\u0103 \u00eemprumutul de publica\u0163ii (c\u0103r\u0163i) la domiciliu pentru studen\u0163ii \u015fi cadrele didactice ale Facult\u0103\u0163ii de Istorie. \u00cen anul 2004 cele dou\u0103 s\u0103li de lectur\u0103 au fost reorganizate \u015fi complet modernizate, iar \u00eentreaga colec\u0163ie de documente aflat\u0103 \u00een depozite a fost transferat\u0103 \u015fi amplasat\u0103 \u00een noile spa\u0163ii, special amenajate, la parterul cl\u0103dirii.<\/p>\n<\/div>\n<\/div>\n\n\n\n<div class=\"wp-block-columns has-2-columns is-layout-flex wp-container-core-columns-is-layout-8f761849 wp-block-columns-is-layout-flex\">\n<div class=\"wp-block-column is-layout-flow wp-block-column-is-layout-flow\">\n<p class=\"wp-block-paragraph\"><\/p>\n<\/div>\n\n\n\n<div class=\"wp-block-column is-layout-flow wp-block-column-is-layout-flow\">\n<p class=\"wp-block-paragraph\"><\/p>\n<\/div>\n<\/div>\n\n\n\n<h3 class=\"wp-block-heading\" id=\"program\">Program<\/h3>\n\n\n\n<p class=\"wp-block-paragraph\">Luni-Joi 9.00 \u2013 16.00<br>Vineri 9.00 \u2013 13.00<\/p>\n\n\n\n<p class=\"wp-block-paragraph\">Contact :<br>Rodica Neac\u0219u \u2013 Manager<br>rodica.neac\u0219u@bcub.ro<br>Nr. telefon \u2013 0721 209 884<\/p>\n\n\n\n<p class=\"wp-block-paragraph\">Biblioteca Facult\u0103\u021bii de Istorie <br>Biblioteca de Istorie func\u021bioneaz\u0103 pe Str. Edgar Quinet nr. 5-7, \u00een spa\u021biile Bibliotecii de Limbi si Literaturi Str\u0103ine Romanice, Clasice \u0219i Orientale (Palatul Universit\u0103\u021bii \u2013 Intrarea Facult\u0103\u021bii de Litere).<br>V\u0103 a\u0219tept\u0103m pentru eliberare permis nou (studen\u021bii din anul I) sau pentru vizare.<br>Permisul v\u0103 d\u0103 dreptul s\u0103 \u00eemprumuta\u021bi volumele existente la Biblioteca de Istorie sau s\u0103 consulta\u021bi documente \u00een s\u0103lile de lectur\u0103 din Unitatea Central\u0103 (B.C.U) sau oricare dintre filialele B.C.U.<br><\/p>\n\n\n\n<p class=\"wp-block-paragraph\"><strong><a href=\"http:\/\/193.231.9.12\/continut\/cataloage\/cautare_simpla.php\">Catalogul Facult\u0103\u021bii de Istorie<\/a><\/strong><\/p>\n\n\n\n<p class=\"wp-block-paragraph\"><strong><a href=\"http:\/\/www.bcub.ro\/home\/biblioteci-filiale-1\/istorie\">Biblioteca Central\u0103 Universitar\u0103<\/a><\/strong><\/p>\n","protected":false},"excerpt":{"rendered":"<p>Istoric Biblioteca de Istorie face parte din re\u0163eaua celor 15 biblioteci filiale specializate care func\u0163ioneaz\u0103 pe l\u00e2ng\u0103 facult\u0103\u0163ile Universit\u0103\u0163ii din Bucure\u015fti, integrate organizatoric \u015fi profesional \u00een complexul BCU \u201eCarol I\u201d. \u00cenceputurile acestei biblioteci \u00ee\u015fi au originea \u00een bibliotecile de seminar ap\u0103rute \u00een ultimul deceniu al secolului al XIX-lea. Odat\u0103 cu \u00eenfiin\u0163area, \u00een 1907, a Bibliotecii [&hellip;]<\/p>\n","protected":false},"author":2,"featured_media":0,"parent":12,"menu_order":0,"comment_status":"closed","ping_status":"closed","template":"","meta":{"_crdt_document":"","jetpack_post_was_ever_published":false,"footnotes":""},"class_list":["post-141","page","type-page","status-publish","hentry"],"jetpack_sharing_enabled":true,"jetpack_shortlink":"https:\/\/wp.me\/PaobZd-2h","jetpack-related-posts":[],"_links":{"self":[{"href":"https:\/\/istorie.unibuc.ro\/facultate\/wp-json\/wp\/v2\/pages\/141","targetHints":{"allow":["GET"]}}],"collection":[{"href":"https:\/\/istorie.unibuc.ro\/facultate\/wp-json\/wp\/v2\/pages"}],"about":[{"href":"https:\/\/istorie.unibuc.ro\/facultate\/wp-json\/wp\/v2\/types\/page"}],"author":[{"embeddable":true,"href":"https:\/\/istorie.unibuc.ro\/facultate\/wp-json\/wp\/v2\/users\/2"}],"replies":[{"embeddable":true,"href":"https:\/\/istorie.unibuc.ro\/facultate\/wp-json\/wp\/v2\/comments?post=141"}],"version-history":[{"count":9,"href":"https:\/\/istorie.unibuc.ro\/facultate\/wp-json\/wp\/v2\/pages\/141\/revisions"}],"predecessor-version":[{"id":15803,"href":"https:\/\/istorie.unibuc.ro\/facultate\/wp-json\/wp\/v2\/pages\/141\/revisions\/15803"}],"up":[{"embeddable":true,"href":"https:\/\/istorie.unibuc.ro\/facultate\/wp-json\/wp\/v2\/pages\/12"}],"wp:attachment":[{"href":"https:\/\/istorie.unibuc.ro\/facultate\/wp-json\/wp\/v2\/media?parent=141"}],"curies":[{"name":"wp","href":"https:\/\/api.w.org\/{rel}","templated":true}]}}